{"id":9,"date":"2019-03-08T09:53:19","date_gmt":"2019-03-08T09:53:19","guid":{"rendered":"https:\/\/incarnationconsciente.ch\/?page_id=9"},"modified":"2023-03-11T12:27:30","modified_gmt":"2023-03-11T12:27:30","slug":"a-propos-de-rebekka","status":"publish","type":"page","link":"https:\/\/incarnationconsciente.ch\/index.php\/a-propos-de-rebekka\/","title":{"rendered":"\u00c0 propos"},"content":{"rendered":"<div id=\"pl-gb9-6a966e00a8739\"  class=\"panel-layout\" ><div id=\"pg-gb9-6a966e00a8739-0\"  class=\"panel-grid panel-no-style\" ><div id=\"pgc-gb9-6a966e00a8739-0-0\"  class=\"panel-grid-cell\" ><div id=\"panel-gb9-6a966e00a8739-0-0-0\" class=\"so-panel widget widget_text panel-first-child\" data-index=\"0\" ><div class=\"panel-widget-style panel-widget-style-for-gb9-6a966e00a8739-0-0-0\" >\t\t\t<div class=\"textwidget\"><p>&nbsp;<\/p>\n<p>&nbsp;<\/p>\n<p>&nbsp;<\/p>\n<p>&nbsp;<\/p>\n<p>&nbsp;<\/p>\n<p>&nbsp;<\/p>\n<p>&nbsp;<\/p>\n<\/div>\n\t\t<\/div><\/div><div id=\"panel-gb9-6a966e00a8739-0-0-1\" class=\"so-panel widget widget_sow-headline\" data-index=\"1\" ><div class=\"panel-widget-style panel-widget-style-for-gb9-6a966e00a8739-0-0-1\" ><div\n\t\t\t\n\t\t\tclass=\"so-widget-sow-headline so-widget-sow-headline-default-ab5b2d9cb511-9 so-widget-fittext-wrapper\"\n\t\t\t data-fit-text-compressor=\"0.85\"\n\t\t><div class=\"sow-headline-container \">\n\t\t\t\t\t\t\t<h2 class=\"sow-headline\">\n\t\t\t\t\t\tSuis ton coeur et laisse toi guider par la Vie !\t\t\t\t\t\t<\/h2>\n\t\t\t\t\t\t\t\t\t\t\t<div class=\"decoration\">\n\t\t\t\t\t\t<div class=\"decoration-inside\"><\/div>\n\t\t\t\t\t<\/div>\n\t\t\t\t\t\t\t\t\t\t\t<h5 class=\"sow-sub-headline\">\n\t\t\t\t\t\tRebekka Gabriela Specht\t\t\t\t\t\t<\/h5>\n\t\t\t\t\t\t<\/div>\n<\/div><\/div><\/div><div id=\"panel-gb9-6a966e00a8739-0-0-2\" class=\"so-panel widget widget_sow-editor\" data-index=\"2\" ><div\n\t\t\t\n\t\t\tclass=\"so-widget-sow-editor so-widget-sow-editor-base\"\n\t\t\t\n\t\t>\n<div class=\"siteorigin-widget-tinymce textwidget\">\n\t<p>Accompagnatrice \u00e9nerg\u00e9tico-spirituelle de la naissance. Porte-parole d&rsquo;\u00e2me d&rsquo;enfant. Auteure. Animatrice d&rsquo;atelier et th\u00e9rapeute en soin vibratoire. M\u00e8re de deux fils adultes, c&rsquo;est gr\u00e2ce \u00e0 eux que j&rsquo;ai tant pu apprendre \u00e0 propos de la naissance, moi-m\u00eame et des grandes lois de l&rsquo;Univers. En suivant ma voix int\u00e9rieure et les synchronicit\u00e9s de la vie, je me suis mise un jour \u00e0 explorer la phase pr\u00e9natale et le ph\u00e9nom\u00e8ne d&rsquo;incarnation. Avec le temps, je suis devenue une sorte de gardienne de passage entre les mondes, soit il pour l&rsquo;arriv\u00e9e sur Terre ou retour lorsqu&rsquo;un enfant d\u00e9c\u00e8de.<\/p>\n<p>&nbsp;<\/p>\n<p>&nbsp;<\/p>\n<p><img fetchpriority=\"high\" fetchpriority=\"high\" decoding=\"async\" class=\"aligncenter wp-image-6268 size-full\" src=\"https:\/\/incarnationconsciente.ch\/wp-content\/uploads\/2022\/11\/IC_unicorn-spirit.jpg\" alt=\"Ma vision Rebekka G Specht Incarnationconsciente.ch\" width=\"991\" height=\"212\" srcset=\"https:\/\/incarnationconsciente.ch\/wp-content\/uploads\/2022\/11\/IC_unicorn-spirit.jpg 991w, https:\/\/incarnationconsciente.ch\/wp-content\/uploads\/2022\/11\/IC_unicorn-spirit-300x64.jpg 300w, https:\/\/incarnationconsciente.ch\/wp-content\/uploads\/2022\/11\/IC_unicorn-spirit-768x164.jpg 768w, https:\/\/incarnationconsciente.ch\/wp-content\/uploads\/2022\/11\/IC_unicorn-spirit-750x160.jpg 750w, https:\/\/incarnationconsciente.ch\/wp-content\/uploads\/2022\/11\/IC_unicorn-spirit-400x86.jpg 400w, https:\/\/incarnationconsciente.ch\/wp-content\/uploads\/2022\/11\/IC_unicorn-spirit-430x92.jpg 430w, https:\/\/incarnationconsciente.ch\/wp-content\/uploads\/2022\/11\/IC_unicorn-spirit-150x32.jpg 150w, https:\/\/incarnationconsciente.ch\/wp-content\/uploads\/2022\/11\/IC_unicorn-spirit-100x21.jpg 100w\" sizes=\"(max-width: 991px) 100vw, 991px\" \/><\/p>\n<\/div>\n<\/div><\/div><div id=\"panel-gb9-6a966e00a8739-0-0-3\" class=\"so-panel widget widget_sow-editor\" data-index=\"3\" ><div class=\"panel-widget-style panel-widget-style-for-gb9-6a966e00a8739-0-0-3\" ><div\n\t\t\t\n\t\t\tclass=\"so-widget-sow-editor so-widget-sow-editor-base\"\n\t\t\t\n\t\t><h3 class=\"widget-title\">Ma vision<\/h3>\n<div class=\"siteorigin-widget-tinymce textwidget\">\n\t<p>Que chaque humain puisse \u00eatre accueilli en Amour et vivre sa vie terrestre en restant connect\u00e9 \u00e0 sa puissance divine. Pour qu&rsquo;il ne subit pas simplement sa naissance en tant que victime, ou en \u00e9tant adulte, qu&rsquo;il en souffre sans le savoir, ayant besoin des ann\u00e9es et des ann\u00e9es pour se r\u00e9-d\u00e9couvrir, mais pour qu&rsquo;il puisse \u00eatre respect\u00e9 et \u00eatre reconnu en tant qu&rsquo;\u00eatre entier avec toute sa splendeur &#8211; d\u00e8s le d\u00e9but.<\/p>\n<\/div>\n<\/div><\/div><\/div><div id=\"panel-gb9-6a966e00a8739-0-0-4\" class=\"so-panel widget widget_sow-headline\" data-index=\"4\" ><div class=\"panel-widget-style panel-widget-style-for-gb9-6a966e00a8739-0-0-4\" ><div\n\t\t\t\n\t\t\tclass=\"so-widget-sow-headline so-widget-sow-headline-default-51e9ecf9c65a-9 so-widget-fittext-wrapper\"\n\t\t\t data-fit-text-compressor=\"0.85\"\n\t\t><div class=\"sow-headline-container \">\n\t\t\t\t\t\t\t<h2 class=\"sow-headline\">\n\t\t\t\t\t\tCr\u00e9ons-nous ensemble ce nouveau monde !\t\t\t\t\t\t<\/h2>\n\t\t\t\t\t\t\t\t\t\t\t\t<h4 class=\"sow-sub-headline\">\n\t\t\t\t\t\t Des miracles sont possibles.\t\t\t\t\t\t<\/h4>\n\t\t\t\t\t\t<\/div>\n<\/div><\/div><\/div><div id=\"panel-gb9-6a966e00a8739-0-0-5\" class=\"so-panel widget widget_sow-editor\" data-index=\"5\" ><div class=\"panel-widget-style panel-widget-style-for-gb9-6a966e00a8739-0-0-5\" ><div\n\t\t\t\n\t\t\tclass=\"so-widget-sow-editor so-widget-sow-editor-base\"\n\t\t\t\n\t\t><h3 class=\"widget-title\">Mon histoire<\/h3>\n<div class=\"siteorigin-widget-tinymce textwidget\">\n\t<p>J\u2019ai d\u00e9pass\u00e9 mes 50 ans, suis mari\u00e9e plus que 25 ans et m\u00e8re de deux jeunes adultes, ayant quitt\u00e9 la maison. Dans la premi\u00e8re partie de ma vie j\u2019\u00e9tais profond\u00e9ment in-s\u00e9curis\u00e9e, peu confiante et fortement marqu\u00e9e par une enfance douloureuse, dont j\u2019avais bien r\u00e9ussi \u00e0 l\u2019\u00e9poque \u00e0 cacher les traces. J\u2019avais tout mis sous le tapis. J\u2019ai \u00e9tudi\u00e9 l\u2019\u00e9lectrotechnique et suis devenue ing\u00e9nieur. C\u2019est \u00e0 ce moment que j\u2019ai rencontr\u00e9 mon mari et nous avons cr\u00e9e notre premier nid. Un nid o\u00f9 je me sentais en s\u00e9curit\u00e9. Tout \u00e9tait sous contr\u00f4le. J\u2019ai poursuivi mon r\u00eave d\u2019enfance, celui d\u2019avoir ma propre petite famille harmonieuse. Avec la naissance traumatique de l\u2019a\u00een\u00e9, la vie m\u2019a donn\u00e9 un claque. Tr\u00e8s jeune, notre fils a d\u00e9velopp\u00e9 de la neuro-dermatite et des allergies. \u00c0 la recherche d\u2019un soulagement pour lui, je me suis ouverte aux m\u00e9decines alternatives. Vingt-et-un mois apr\u00e8s j\u2019ai donn\u00e9 naissance \u00e0 notre deuxi\u00e8me fils. Le quotidien avec les deux m\u2019a beaucoup d\u00e9fi\u00e9e et quelques ann\u00e9es apr\u00e8s j\u2019\u00e9tais en route vers un burnout maternel. Malgr\u00e9 tout mon amour pour eux, je n\u2019arrivais plus \u00e0 rien contr\u00f4ler, surtout \u00e0 l\u2019int\u00e9rieur de moi. Les anciennes blessures et histoires non-r\u00e9gl\u00e9es de mon enfance se sont r\u00e9veill\u00e9es. J\u2019ai commenc\u00e9 un chemin de la gu\u00e9rison.<\/p>\n<p>Au d\u00e9but je ne voulais pas devenir th\u00e9rapeute. L\u2019id\u00e9e d\u2019\u00eatre enferm\u00e9e dans un cabinet et devoir \u00e9couter chaque jour les histoires lourdes des patients m\u2019a repouss\u00e9e. Puis, la vie m\u2019a donn\u00e9 un indice apr\u00e8s l\u2019autre, m\u2019a confront\u00e9e avec mes ombres, m\u2019a aussi fait traverser des \u00e9tapes difficiles, pour ne pas dire fortement rudes.<\/p>\n<p>Ce qui m\u2019a port\u00e9e, tout au long de ma vie c\u2019est cette croyance fortement ancr\u00e9e\u00a0qu\u2019il y a toujours un chemin. Chaque probl\u00e8me a au moins une solution.<\/p>\n<p>Suite \u00e0 des ann\u00e9es d\u2019\u00e9volution personnelle, mes talents se sont d\u00e9velopp\u00e9s et mon chemin de vie s\u2019est dessin\u00e9 de plus en plus clairement. Je suis une catalyste, une intuitive, une femme de grand coeur. J\u2019adore plonger dans les profondeurs et mettre en lumi\u00e8re ce qui freine. Je me r\u00e9f\u00e8re toujours \u00e0 la Sagesse de la Vie. Les grandes th\u00e9ories ne m\u2019int\u00e9ressent peu, je vise des solutions pratiques, dont le r\u00e9sultat compte.<\/p>\n<\/div>\n<\/div><\/div><\/div><div id=\"panel-gb9-6a966e00a8739-0-0-6\" class=\"so-panel widget widget_sow-editor panel-last-child\" data-index=\"6\" ><div class=\"panel-widget-style panel-widget-style-for-gb9-6a966e00a8739-0-0-6\" ><div\n\t\t\t\n\t\t\tclass=\"so-widget-sow-editor so-widget-sow-editor-base\"\n\t\t\t\n\t\t>\n<div class=\"siteorigin-widget-tinymce textwidget\">\n\t<p style=\"text-align: center;\">Plus sur moi et mes autres pr\u00e9stations sur le site :<a href=\"http:\/\/www.rebekkaspecht.ch\" target=\"_blank\" rel=\"noopener\"><img decoding=\"async\" class=\"aligncenter wp-image-6249\" src=\"https:\/\/incarnationconsciente.ch\/wp-content\/uploads\/2022\/11\/logo-rs-oldrose_green-horizontal-300x222.png\" alt=\"Incarnation Consciente vers rebekkaspecht.ch\" width=\"200\" height=\"148\" srcset=\"https:\/\/incarnationconsciente.ch\/wp-content\/uploads\/2022\/11\/logo-rs-oldrose_green-horizontal-300x222.png 300w, https:\/\/incarnationconsciente.ch\/wp-content\/uploads\/2022\/11\/logo-rs-oldrose_green-horizontal-150x111.png 150w, https:\/\/incarnationconsciente.ch\/wp-content\/uploads\/2022\/11\/logo-rs-oldrose_green-horizontal-100x74.png 100w, https:\/\/incarnationconsciente.ch\/wp-content\/uploads\/2022\/11\/logo-rs-oldrose_green-horizontal.png 339w\" sizes=\"(max-width: 200px) 100vw, 200px\" \/><\/a><\/p>\n<\/div>\n<\/div><\/div><\/div><\/div><\/div><\/div>","protected":false},"excerpt":{"rendered":"<p>&nbsp; &nbsp; &nbsp; &nbsp; &nbsp; &nbsp; &nbsp; Accompagnatrice \u00e9nerg\u00e9tico-spirituelle de la naissance. Porte-parole d&rsquo;\u00e2me d&rsquo;enfant. Auteure. Animatrice d&rsquo;atelier et th\u00e9rapeute en soin vibratoire. M\u00e8re de deux fils adultes, c&rsquo;est gr\u00e2ce [&hellip;]<\/p>\n","protected":false},"author":1,"featured_media":0,"parent":0,"menu_order":0,"comment_status":"closed","ping_status":"closed","template":"elementor_header_footer","meta":{"footnotes":""},"class_list":["post-9","page","type-page","status-publish","hentry"],"yoast_head":"<!-- This site is optimized with the Yoast SEO plugin v24.9 - https:\/\/yoast.com\/wordpress\/plugins\/seo\/ -->\n<title>\u00c0 propos Rebekka G Specht - Incarnation consciente<\/title>\n<meta name=\"description\" content=\"A propos de Rebekka : Accompagnatrice \u00e9nerg\u00e9tico-spirituelle de la naissance. Auteure. Th\u00e9rapeute en soin vibratoire.\" \/>\n<meta name=\"robots\" content=\"index, follow, max-snippet:-1, max-image-preview:large, max-video-preview:-1\" \/>\n<link rel=\"canonical\" href=\"https:\/\/incarnationconsciente.ch\/index.php\/a-propos-de-rebekka\/\" \/>\n<meta property=\"og:locale\" content=\"fr_FR\" \/>\n<meta property=\"og:type\" content=\"article\" \/>\n<meta property=\"og:title\" content=\"\u00c0 propos Rebekka G Specht - Incarnation consciente\" \/>\n<meta property=\"og:description\" content=\"A propos de Rebekka : Accompagnatrice \u00e9nerg\u00e9tico-spirituelle de la naissance. Auteure. Th\u00e9rapeute en soin vibratoire.\" \/>\n<meta property=\"og:url\" content=\"https:\/\/incarnationconsciente.ch\/index.php\/a-propos-de-rebekka\/\" \/>\n<meta property=\"og:site_name\" content=\"Incarnation consciente\" \/>\n<meta property=\"article:modified_time\" content=\"2023-03-11T12:27:30+00:00\" \/>\n<meta property=\"og:image\" content=\"https:\/\/incarnationconsciente.ch\/wp-content\/uploads\/2022\/11\/IC_unicorn-spirit.jpg\" \/>\n<meta name=\"twitter:card\" content=\"summary_large_image\" \/>\n<meta name=\"twitter:label1\" content=\"Dur\u00e9e de lecture estim\u00e9e\" \/>\n\t<meta name=\"twitter:data1\" content=\"4 minutes\" \/>\n<script type=\"application\/ld+json\" class=\"yoast-schema-graph\">{\"@context\":\"https:\/\/schema.org\",\"@graph\":[{\"@type\":\"WebPage\",\"@id\":\"https:\/\/incarnationconsciente.ch\/index.php\/a-propos-de-rebekka\/\",\"url\":\"https:\/\/incarnationconsciente.ch\/index.php\/a-propos-de-rebekka\/\",\"name\":\"\u00c0 propos Rebekka G Specht - Incarnation consciente\",\"isPartOf\":{\"@id\":\"https:\/\/incarnationconsciente.ch\/#website\"},\"primaryImageOfPage\":{\"@id\":\"https:\/\/incarnationconsciente.ch\/index.php\/a-propos-de-rebekka\/#primaryimage\"},\"image\":{\"@id\":\"https:\/\/incarnationconsciente.ch\/index.php\/a-propos-de-rebekka\/#primaryimage\"},\"thumbnailUrl\":\"https:\/\/incarnationconsciente.ch\/wp-content\/uploads\/2022\/11\/IC_unicorn-spirit.jpg\",\"datePublished\":\"2019-03-08T09:53:19+00:00\",\"dateModified\":\"2023-03-11T12:27:30+00:00\",\"description\":\"A propos de Rebekka : Accompagnatrice \u00e9nerg\u00e9tico-spirituelle de la naissance. Auteure. Th\u00e9rapeute en soin vibratoire.\",\"breadcrumb\":{\"@id\":\"https:\/\/incarnationconsciente.ch\/index.php\/a-propos-de-rebekka\/#breadcrumb\"},\"inLanguage\":\"fr-FR\",\"potentialAction\":[{\"@type\":\"ReadAction\",\"target\":[\"https:\/\/incarnationconsciente.ch\/index.php\/a-propos-de-rebekka\/\"]}]},{\"@type\":\"ImageObject\",\"inLanguage\":\"fr-FR\",\"@id\":\"https:\/\/incarnationconsciente.ch\/index.php\/a-propos-de-rebekka\/#primaryimage\",\"url\":\"https:\/\/incarnationconsciente.ch\/wp-content\/uploads\/2022\/11\/IC_unicorn-spirit.jpg\",\"contentUrl\":\"https:\/\/incarnationconsciente.ch\/wp-content\/uploads\/2022\/11\/IC_unicorn-spirit.jpg\",\"width\":991,\"height\":212,\"caption\":\"Ma vision Rebekka G Specht Incarnationconsciente.ch\"},{\"@type\":\"BreadcrumbList\",\"@id\":\"https:\/\/incarnationconsciente.ch\/index.php\/a-propos-de-rebekka\/#breadcrumb\",\"itemListElement\":[{\"@type\":\"ListItem\",\"position\":1,\"name\":\"Home\",\"item\":\"https:\/\/incarnationconsciente.ch\/\"},{\"@type\":\"ListItem\",\"position\":2,\"name\":\"\u00c0 propos\"}]},{\"@type\":\"WebSite\",\"@id\":\"https:\/\/incarnationconsciente.ch\/#website\",\"url\":\"https:\/\/incarnationconsciente.ch\/\",\"name\":\"Incarnation consciente\",\"description\":\"pour un accueil \u00e9veill\u00e9 &amp; une naissance spirituelle respectueuse\",\"potentialAction\":[{\"@type\":\"SearchAction\",\"target\":{\"@type\":\"EntryPoint\",\"urlTemplate\":\"https:\/\/incarnationconsciente.ch\/?s={search_term_string}\"},\"query-input\":{\"@type\":\"PropertyValueSpecification\",\"valueRequired\":true,\"valueName\":\"search_term_string\"}}],\"inLanguage\":\"fr-FR\"}]}<\/script>\n<!-- \/ Yoast SEO plugin. -->","yoast_head_json":{"title":"\u00c0 propos Rebekka G Specht - Incarnation consciente","description":"A propos de Rebekka : Accompagnatrice \u00e9nerg\u00e9tico-spirituelle de la naissance. Auteure. Th\u00e9rapeute en soin vibratoire.","robots":{"index":"index","follow":"follow","max-snippet":"max-snippet:-1","max-image-preview":"max-image-preview:large","max-video-preview":"max-video-preview:-1"},"canonical":"https:\/\/incarnationconsciente.ch\/index.php\/a-propos-de-rebekka\/","og_locale":"fr_FR","og_type":"article","og_title":"\u00c0 propos Rebekka G Specht - Incarnation consciente","og_description":"A propos de Rebekka : Accompagnatrice \u00e9nerg\u00e9tico-spirituelle de la naissance. Auteure. Th\u00e9rapeute en soin vibratoire.","og_url":"https:\/\/incarnationconsciente.ch\/index.php\/a-propos-de-rebekka\/","og_site_name":"Incarnation consciente","article_modified_time":"2023-03-11T12:27:30+00:00","og_image":[{"url":"https:\/\/incarnationconsciente.ch\/wp-content\/uploads\/2022\/11\/IC_unicorn-spirit.jpg","type":"","width":"","height":""}],"twitter_card":"summary_large_image","twitter_misc":{"Dur\u00e9e de lecture estim\u00e9e":"4 minutes"},"schema":{"@context":"https:\/\/schema.org","@graph":[{"@type":"WebPage","@id":"https:\/\/incarnationconsciente.ch\/index.php\/a-propos-de-rebekka\/","url":"https:\/\/incarnationconsciente.ch\/index.php\/a-propos-de-rebekka\/","name":"\u00c0 propos Rebekka G Specht - Incarnation consciente","isPartOf":{"@id":"https:\/\/incarnationconsciente.ch\/#website"},"primaryImageOfPage":{"@id":"https:\/\/incarnationconsciente.ch\/index.php\/a-propos-de-rebekka\/#primaryimage"},"image":{"@id":"https:\/\/incarnationconsciente.ch\/index.php\/a-propos-de-rebekka\/#primaryimage"},"thumbnailUrl":"https:\/\/incarnationconsciente.ch\/wp-content\/uploads\/2022\/11\/IC_unicorn-spirit.jpg","datePublished":"2019-03-08T09:53:19+00:00","dateModified":"2023-03-11T12:27:30+00:00","description":"A propos de Rebekka : Accompagnatrice \u00e9nerg\u00e9tico-spirituelle de la naissance. Auteure. Th\u00e9rapeute en soin vibratoire.","breadcrumb":{"@id":"https:\/\/incarnationconsciente.ch\/index.php\/a-propos-de-rebekka\/#breadcrumb"},"inLanguage":"fr-FR","potentialAction":[{"@type":"ReadAction","target":["https:\/\/incarnationconsciente.ch\/index.php\/a-propos-de-rebekka\/"]}]},{"@type":"ImageObject","inLanguage":"fr-FR","@id":"https:\/\/incarnationconsciente.ch\/index.php\/a-propos-de-rebekka\/#primaryimage","url":"https:\/\/incarnationconsciente.ch\/wp-content\/uploads\/2022\/11\/IC_unicorn-spirit.jpg","contentUrl":"https:\/\/incarnationconsciente.ch\/wp-content\/uploads\/2022\/11\/IC_unicorn-spirit.jpg","width":991,"height":212,"caption":"Ma vision Rebekka G Specht Incarnationconsciente.ch"},{"@type":"BreadcrumbList","@id":"https:\/\/incarnationconsciente.ch\/index.php\/a-propos-de-rebekka\/#breadcrumb","itemListElement":[{"@type":"ListItem","position":1,"name":"Home","item":"https:\/\/incarnationconsciente.ch\/"},{"@type":"ListItem","position":2,"name":"\u00c0 propos"}]},{"@type":"WebSite","@id":"https:\/\/incarnationconsciente.ch\/#website","url":"https:\/\/incarnationconsciente.ch\/","name":"Incarnation consciente","description":"pour un accueil \u00e9veill\u00e9 &amp; une naissance spirituelle respectueuse","potentialAction":[{"@type":"SearchAction","target":{"@type":"EntryPoint","urlTemplate":"https:\/\/incarnationconsciente.ch\/?s={search_term_string}"},"query-input":{"@type":"PropertyValueSpecification","valueRequired":true,"valueName":"search_term_string"}}],"inLanguage":"fr-FR"}]}},"_links":{"self":[{"href":"https:\/\/incarnationconsciente.ch\/index.php\/wp-json\/wp\/v2\/pages\/9","targetHints":{"allow":["GET"]}}],"collection":[{"href":"https:\/\/incarnationconsciente.ch\/index.php\/wp-json\/wp\/v2\/pages"}],"about":[{"href":"https:\/\/incarnationconsciente.ch\/index.php\/wp-json\/wp\/v2\/types\/page"}],"author":[{"embeddable":true,"href":"https:\/\/incarnationconsciente.ch\/index.php\/wp-json\/wp\/v2\/users\/1"}],"replies":[{"embeddable":true,"href":"https:\/\/incarnationconsciente.ch\/index.php\/wp-json\/wp\/v2\/comments?post=9"}],"version-history":[{"count":113,"href":"https:\/\/incarnationconsciente.ch\/index.php\/wp-json\/wp\/v2\/pages\/9\/revisions"}],"predecessor-version":[{"id":6939,"href":"https:\/\/incarnationconsciente.ch\/index.php\/wp-json\/wp\/v2\/pages\/9\/revisions\/6939"}],"wp:attachment":[{"href":"https:\/\/incarnationconsciente.ch\/index.php\/wp-json\/wp\/v2\/media?parent=9"}],"curies":[{"name":"wp","href":"https:\/\/api.w.org\/{rel}","templated":true}]}}