{"id":4083,"date":"2019-03-12T23:33:38","date_gmt":"2019-03-12T23:33:38","guid":{"rendered":"https:\/\/incarnationconsciente.ch\/?page_id=4083"},"modified":"2023-04-26T13:29:19","modified_gmt":"2023-04-26T13:29:19","slug":"accueil-conscient","status":"publish","type":"page","link":"https:\/\/incarnationconsciente.ch\/","title":{"rendered":"Accueil"},"content":{"rendered":"<div id=\"pl-gb4083-6a9661cf3cabe\"  class=\"panel-layout\" ><div id=\"pg-gb4083-6a9661cf3cabe-0\"  class=\"panel-grid panel-no-style\" ><div id=\"pgc-gb4083-6a9661cf3cabe-0-0\"  class=\"panel-grid-cell\" ><div id=\"panel-gb4083-6a9661cf3cabe-0-0-0\" class=\"so-panel widget widget_sow-headline panel-first-child\" data-index=\"0\" ><div class=\"panel-widget-style panel-widget-style-for-gb4083-6a9661cf3cabe-0-0-0\" ><div\n\t\t\t\n\t\t\tclass=\"so-widget-sow-headline so-widget-sow-headline-default-b372815498fb-4083 so-widget-fittext-wrapper\"\n\t\t\t data-fit-text-compressor=\"\"\n\t\t><div class=\"sow-headline-container \">\n\t\t\t\t\t\t\t<h2 class=\"sow-headline\">\n\t\t\t\t\t\tUn enfant ne vient qu&rsquo;une seule fois au monde.\t\t\t\t\t\t<\/h2>\n\t\t\t\t\t\t\t\t\t\t\t<div class=\"decoration\">\n\t\t\t\t\t\t<div class=\"decoration-inside\"><\/div>\n\t\t\t\t\t<\/div>\n\t\t\t\t\t<\/div>\n<\/div><\/div><\/div><div id=\"panel-gb4083-6a9661cf3cabe-0-0-1\" class=\"so-panel widget widget_sow-editor\" data-index=\"1\" ><div class=\"panel-widget-style panel-widget-style-for-gb4083-6a9661cf3cabe-0-0-1\" ><div\n\t\t\t\n\t\t\tclass=\"so-widget-sow-editor so-widget-sow-editor-base\"\n\t\t\t\n\t\t>\n<div class=\"siteorigin-widget-tinymce textwidget\">\n\t<p style=\"text-align: left;\">Incarnation Consciente est une plateforme d&rsquo;information autour d&rsquo;une naissance spirituelle respectueuse et au sujet de l&rsquo;arriv\u00e9e d&rsquo;\u00e2me sur Terre.<\/p>\n<p>&nbsp;<\/p>\n<p style=\"text-align: center;\"><strong>Souhaites-tu concevoir un enfant ?<\/strong><\/p>\n<p style=\"text-align: center;\"><strong>Es-tu enceinte et d\u00e9sires accueillir ton b\u00e9b\u00e9 en conscience ?<\/strong><\/p>\n<p style=\"text-align: center;\"><strong>As-tu v\u00e9cu toi-m\u00eame une naissance difficile et ne te sens pas bien incarner ?<\/strong><\/p>\n<p>&nbsp;<\/p>\n<p>Sur ce site tu vas d\u00e9couvrir des informations r\u00e9v\u00e9lants l\u2019importance de la phase pr\u00e9-conceptionelle, de la vie pr\u00e9-natale et de l&rsquo;influence de la mani\u00e8re comment ton future enfant va voir le jour sur sa vie.<\/p>\n<p>Tu trouveras ici des pistes comment pr\u00e9parer le meilleur terrain possible pour ton b\u00e9b\u00e9-\u00e0-venir et re\u00e7ois les impulsions comment gu\u00e9rir ta propre arriv\u00e9e.<\/p>\n<p>&nbsp;<\/p>\n<\/div>\n<\/div><\/div><\/div><div id=\"panel-gb4083-6a9661cf3cabe-0-0-2\" class=\"so-panel widget widget_text\" data-index=\"2\" ><div class=\"panel-widget-style panel-widget-style-for-gb4083-6a9661cf3cabe-0-0-2\" >\t\t\t<div class=\"textwidget\"><p>&nbsp;<\/p>\n<p>&nbsp;<\/p>\n<p>&nbsp;<\/p>\n<p>&nbsp;<\/p>\n<p>&nbsp;<\/p>\n<p>&nbsp;<\/p>\n<p>&nbsp;<\/p>\n<\/div>\n\t\t<\/div><\/div><div id=\"panel-gb4083-6a9661cf3cabe-0-0-3\" class=\"so-panel widget widget_sow-editor\" data-index=\"3\" ><div class=\"panel-widget-style panel-widget-style-for-gb4083-6a9661cf3cabe-0-0-3\" ><div\n\t\t\t\n\t\t\tclass=\"so-widget-sow-editor so-widget-sow-editor-base\"\n\t\t\t\n\t\t>\n<div class=\"siteorigin-widget-tinymce textwidget\">\n\t<p style=\"text-align: left;\">En plus, je te pr\u00e9sente ici mes services en tant qu&rsquo;accompagnatrice \u00e9nerg\u00e9tico-spirituelle de la naissance et de transition des \u00e2mes d&rsquo;enfants.<\/p>\n<p style=\"text-align: left;\">Cordialement<\/p>\n<p style=\"text-align: left;\"><img decoding=\"async\" class=\"size-full wp-image-6202 alignnone\" src=\"https:\/\/incarnationconsciente.ch\/wp-content\/uploads\/2022\/11\/logo-rs-unterschrift.png\" alt=\"\" width=\"191\" height=\"66\" srcset=\"https:\/\/incarnationconsciente.ch\/wp-content\/uploads\/2022\/11\/logo-rs-unterschrift.png 191w, https:\/\/incarnationconsciente.ch\/wp-content\/uploads\/2022\/11\/logo-rs-unterschrift-150x52.png 150w, https:\/\/incarnationconsciente.ch\/wp-content\/uploads\/2022\/11\/logo-rs-unterschrift-100x35.png 100w\" sizes=\"(max-width: 191px) 100vw, 191px\" \/><\/p>\n<p>&nbsp;<\/p>\n<p>Si tu <strong>es devenue nouvellement m\u00e8re<\/strong> et cherches de l&rsquo;aide pour toi, ton b\u00e9b\u00e9 ou ta famille, je te prie de te diriger vers le site <a href=\"http:\/\/www.rebekkaspecht.ch\">rebekkaspecht.ch<\/a>.<\/p>\n<p>Si, en tant que\u00a0<strong>professionnel<\/strong>\u00a0dans le domaine de la grossesse et naissance ou oeuvrant avec des futures m\u00e8res, tu souhaites te former dans cette approche, allez voir mon site <a href=\"https:\/\/formationpro.rebekkaspecht.ch\" target=\"_blank\" rel=\"noopener\">formationPRO<\/a>.<\/p>\n<p>&nbsp;<\/p>\n<p>&nbsp;<\/p>\n<\/div>\n<\/div><\/div><\/div><div id=\"panel-gb4083-6a9661cf3cabe-0-0-4\" class=\"so-panel widget widget_moesia_services moesia_services_widget\" data-index=\"4\" ><div class=\"panel-widget-style panel-widget-style-for-gb4083-6a9661cf3cabe-0-0-4\" >\t\t<section id=\"services\" class=\"services-area\">\n\t\t\t<div class=\"container\">\n\t\t\t\t<h3 class=\"widget-title\"><span class=\"wow bounce\">diff\u00e9rentes \u00e9tapes<\/span><\/h3>\t\t\t\t\t\t\t\t\t\t\t\t\t\t\t\t\t\t\t<div class=\"service col-md-4 col-sm-6 col-xs-6\">\n\t\t\t\t\t\t\t\t\t\t\t\t<h4 class=\"service-title wow fadeInUp\"><a href=\"https:\/\/incarnationconsciente.ch\/index.php\/conception\/\">Conception<\/a><\/h4><div class=\"service-desc wow fadeInUp\"><p style=\"text-align: center;\"><a href=\"https:\/\/incarnationconsciente.ch\/index.php\/conception\/\"><img decoding=\"async\" class=\"aligncenter wp-image-3555 size-thumbnail\" title=\"conception consciente\" src=\"https:\/\/incarnationconsciente.ch\/wp-content\/uploads\/2012\/05\/Conception-150x150.jpg\" alt=\"conception consciente\" width=\"150\" height=\"150\" \/>\r\n<\/a><\/p><\/div>\t\t\t\t\t<\/div>\n\t\t\t\t\t\t\t\t\t\t\t\t\t\t\t\t\t\t\t<div class=\"service col-md-4 col-sm-6 col-xs-6\">\n\t\t\t\t\t\t\t\t\t\t\t\t<h4 class=\"service-title wow fadeInUp\"><a href=\"https:\/\/incarnationconsciente.ch\/index.php\/grossesse\/\">Grossesse<\/a><\/h4><div class=\"service-desc wow fadeInUp\"><a href=\"https:\/\/incarnationconsciente.ch\/index.php\/grossesse\/\"><img decoding=\"async\" class=\"aligncenter wp-image-14 size-thumbnail\" src=\"https:\/\/incarnationconsciente.ch\/wp-content\/uploads\/2019\/03\/Fotolia_Kleines-Menschenwesen-150x150.jpg\" alt=\"\" width=\"150\" height=\"150\" srcset=\"https:\/\/incarnationconsciente.ch\/wp-content\/uploads\/2019\/03\/Fotolia_Kleines-Menschenwesen-150x150.jpg 150w, https:\/\/incarnationconsciente.ch\/wp-content\/uploads\/2019\/03\/Fotolia_Kleines-Menschenwesen-100x100.jpg 100w\" sizes=\"(max-width: 150px) 100vw, 150px\" \/><\/a><\/div>\t\t\t\t\t<\/div>\n\t\t\t\t\t\t\t\t\t\t\t\t\t\t\t\t\t\t\t<div class=\"service col-md-4 col-sm-6 col-xs-6\">\n\t\t\t\t\t\t\t\t\t\t\t\t<h4 class=\"service-title wow fadeInUp\"><a href=\"https:\/\/incarnationconsciente.ch\/index.php\/accouchement\/\">Accouchement<\/a><\/h4><div class=\"service-desc wow fadeInUp\"><a href=\"https:\/\/incarnationconsciente.ch\/index.php\/accouchement\/\"><img loading=\"lazy\" decoding=\"async\" class=\"aligncenter wp-image-3551 size-thumbnail\" title=\"accouchement en conscience\" src=\"https:\/\/incarnationconsciente.ch\/wp-content\/uploads\/2019\/03\/Propre-Naissance-150x150.jpg\" alt=\"accouchement en conscience\" width=\"150\" height=\"150\" \/><\/a><\/div>\t\t\t\t\t<\/div>\n\t\t\t\t\t\t\t\t\t\t\t\t\t\t\t\t\t\t\t<div class=\"service col-md-4 col-sm-6 col-xs-6\">\n\t\t\t\t\t\t\t\t\t\t\t\t<h4 class=\"service-title wow fadeInUp\"><a href=\"https:\/\/incarnationconsciente.ch\/index.php\/benediction-daccouchement\/\">B\u00e9n\u00e9diction de naissance<\/a><\/h4><div class=\"service-desc wow fadeInUp\"><a href=\"https:\/\/incarnationconsciente.ch\/index.php\/benediction-daccouchement\/\"><img loading=\"lazy\" decoding=\"async\" class=\"aligncenter wp-image-3689 size-thumbnail\" title=\"B\u00e9n\u00e9diction de naissance\" src=\"https:\/\/incarnationconsciente.ch\/wp-content\/uploads\/2019\/03\/incarnation-consciente-header-150x150.jpg\" alt=\"B\u00e9n\u00e9diction de naissance\" width=\"150\" height=\"150\" \/><\/a><\/div>\t\t\t\t\t<\/div>\n\t\t\t\t\t\t\t\t\t\t\t\t\t\t\t\t\t\t\t<div class=\"service col-md-4 col-sm-6 col-xs-6\">\n\t\t\t\t\t\t\t\t\t\t\t\t<h4 class=\"service-title wow fadeInUp\"><a href=\"https:\/\/incarnationconsciente.ch\/index.php\/arret-de-grossesse\/\">Arr\u00eat de grossesse<\/a><\/h4><div class=\"service-desc wow fadeInUp\"><a href=\"https:\/\/incarnationconsciente.ch\/index.php\/arret-de-grossesse\/\"><img loading=\"lazy\" decoding=\"async\" class=\"aligncenter wp-image-5587 size-thumbnail\" title=\"Perte d'un b\u00e9b\u00e9, arr\u00eat de grossesse\" src=\"https:\/\/incarnationconsciente.ch\/wp-content\/uploads\/2019\/10\/excarnation_consciente_feather-150x150.jpg\" alt=\"Arr\u00eat de grossesse. Perte d'un b\u00e9b\u00e9\" width=\"150\" height=\"150\" \/><\/a><\/div>\t\t\t\t\t<\/div>\n\t\t\t\t\t\t\t\t\t\t\t\t\t\t\t\t\t\t\t<div class=\"service col-md-4 col-sm-6 col-xs-6\">\n\t\t\t\t\t\t\t\t\t\t\t\t<h4 class=\"service-title wow fadeInUp\"><a href=\"https:\/\/incarnationconsciente.ch\/index.php\/propre-naissance\/\">C\u00e9sarienne respectueuse<\/a><\/h4><div class=\"service-desc wow fadeInUp\"><a href=\"https:\/\/incarnationconsciente.ch\/index.php\/cesarienne-respectueuse-en-conscience\/\"><img loading=\"lazy\" decoding=\"async\" class=\"aligncenter wp-image-5991 size-thumbnail\" title=\"c\u00e9sarienne respectueuse\" src=\"https:\/\/incarnationconsciente.ch\/wp-content\/uploads\/2019\/11\/ray_line_c-section-150x150.jpg\" alt=\"c\u00e9sarienne respectueuse en conscience\" width=\"150\" height=\"150\" \/><\/a><\/div>\t\t\t\t\t<\/div>\n\t\t\t\t\t\t\t<\/div>\n\t\t\t\t\t\t\t\t\t\n\t\t<\/section>\t\t\n\t<\/div><\/div><div id=\"panel-gb4083-6a9661cf3cabe-0-0-5\" class=\"so-panel widget widget_sow-editor\" data-index=\"5\" ><div class=\"panel-widget-style panel-widget-style-for-gb4083-6a9661cf3cabe-0-0-5\" ><div\n\t\t\t\n\t\t\tclass=\"so-widget-sow-editor so-widget-sow-editor-base\"\n\t\t\t\n\t\t>\n<div class=\"siteorigin-widget-tinymce textwidget\">\n\t<p>Si la naissance ne s\u2019est pas d\u00e9roul\u00e9e comme souhait\u00e9, il est important de faire la lumi\u00e8re sur ce qui s\u2019est pass\u00e9 le plus t\u00f4t possible.\u00a0<strong><a href=\"https:\/\/incarnationconsciente.ch\/index.php\/nouveau-ne\/\">Gu\u00e9rison d&rsquo;accouchement<\/a><\/strong>\u00a0pour maman et nouveau-n\u00e9, ainsi qu&rsquo;enfant d\u00e9j\u00e0 plus\u00a0\u00e2g\u00e9.<\/p>\n<p><center><\/center><center><\/center>Pour mettre en lumi\u00e8re sa propre naissance et dissoudre les empreintes limitantes.\u00a0<strong><a href=\"https:\/\/incarnationconsciente.ch\/index.php\/guerison-de-sa-propre-naissance\/\">Gu\u00e9rison de sa propre naissance<\/a><\/strong><\/p>\n<\/div>\n<\/div><\/div><\/div><div id=\"panel-gb4083-6a9661cf3cabe-0-0-6\" class=\"so-panel widget widget_moesia_testimonials moesia_testimonials_widget panel-last-child\" data-index=\"6\" >\t\t<section id=\"testimonials\" class=\"testimonials-area\">\n\t\t\t<div class=\"container\">\n\t\t\t\t<h3 class=\"widget-title\"><span class=\"wow bounce\">T\u00e9moignages<\/span><\/h3>\t\t\t\t\t\t\t\t\t\t\t\t\t\t\t\t\t\t\t<div class=\"testimonial col-md-6 col-sm-6 fadeInUp\">\n\t\t\t\t\t\t<div class=\"testimonial-body\"><p>Un petit mot de notre part pour te remercier du bel accompagnement pendant la grossesse et apr\u00e8s. Une magnifique opportunit\u00e9 \u00e0 grandir et \u00e0 saisir le moment pr\u00e9sent en le savourant. Ce chemin ensemble a ajout\u00e9 une dimension vraiment gouteuse et nous en sommes reconnaissants.<\/p>\n<\/div>\n\n\t\t\t\t\t\t\t\t\t\t\t\t\t<div class=\"client-photo col-md-4\"><img loading=\"lazy\" decoding=\"async\" width=\"100\" height=\"100\" src=\"https:\/\/incarnationconsciente.ch\/wp-content\/uploads\/2019\/05\/Temoign-Floriane-100x100.jpg\" class=\"attachment-moesia-testimonials-thumb size-moesia-testimonials-thumb wp-post-image\" alt=\"T\u00e9moignage Floriane\" srcset=\"https:\/\/incarnationconsciente.ch\/wp-content\/uploads\/2019\/05\/Temoign-Floriane-100x100.jpg 100w, https:\/\/incarnationconsciente.ch\/wp-content\/uploads\/2019\/05\/Temoign-Floriane-150x150.jpg 150w, https:\/\/incarnationconsciente.ch\/wp-content\/uploads\/2019\/05\/Temoign-Floriane.jpg 200w\" sizes=\"(max-width: 100px) 100vw, 100px\" \/><\/div>\n\t\t\t\t\t\t\n\t\t\t\t\t\t<h4 class=\"client-name col-md-8\">Floriane<\/h4>\n\t\t\t\t\t\t\t\t\t\t\t\t\t<span class=\"client-function col-md-8\">maman d&#039;un Enfant Etoile et un gar\u00e7on, coach<\/span>\n\t\t\t\t\t\t\t\t\t\t\t\t\n\t\t\t\t\t<\/div>\n\t\t\t\t\t\t\t\t\t\t\t\t\t\t\t\t\t\t\t<div class=\"testimonial col-md-6 col-sm-6 fadeInUp\">\n\t\t\t\t\t\t<div class=\"testimonial-body\"><p>J&rsquo;ai d\u00e9couvert un endroit paradisiaque, accueillant, chaleureux, zen et tr\u00e8s ressour\u00e7ant mais l&rsquo;endroit seul ne suffit pas. Gr\u00e2ce \u00e0 Rebekka j&rsquo;ai pass\u00e9 un week-e<span class=\"text_exposed_show\">nd fabuleux et \u00e9nergisant !\u00a0Je ne pense pas avoir les mots juste pour d\u00e9crire \u00e0 quel point tu es incroyable! Une femme puissante et douce!<br \/>\nMerci de tout mon c\u0153ur de m&rsquo;avoir permise d&rsquo;entrer dans ton cocon et de m&rsquo;avoir guid\u00e9.\u00a0Merci d&rsquo;exister ! Merci la vie !<\/span><\/p>\n<\/div>\n\n\t\t\t\t\t\t\t\t\t\t\t\t\t<div class=\"client-photo col-md-4\"><img loading=\"lazy\" decoding=\"async\" width=\"100\" height=\"100\" src=\"https:\/\/incarnationconsciente.ch\/wp-content\/uploads\/2019\/07\/T\u00e9moin-Val\u00e9rie-100x100.jpg\" class=\"attachment-moesia-testimonials-thumb size-moesia-testimonials-thumb wp-post-image\" alt=\"t\u00e9moignage Val\u00e9rie\" srcset=\"https:\/\/incarnationconsciente.ch\/wp-content\/uploads\/2019\/07\/T\u00e9moin-Val\u00e9rie-100x100.jpg 100w, https:\/\/incarnationconsciente.ch\/wp-content\/uploads\/2019\/07\/T\u00e9moin-Val\u00e9rie-150x150.jpg 150w, https:\/\/incarnationconsciente.ch\/wp-content\/uploads\/2019\/07\/T\u00e9moin-Val\u00e9rie-300x300.jpg 300w, https:\/\/incarnationconsciente.ch\/wp-content\/uploads\/2019\/07\/T\u00e9moin-Val\u00e9rie-768x770.jpg 768w, https:\/\/incarnationconsciente.ch\/wp-content\/uploads\/2019\/07\/T\u00e9moin-Val\u00e9rie-1021x1024.jpg 1021w, https:\/\/incarnationconsciente.ch\/wp-content\/uploads\/2019\/07\/T\u00e9moin-Val\u00e9rie-750x752.jpg 750w, https:\/\/incarnationconsciente.ch\/wp-content\/uploads\/2019\/07\/T\u00e9moin-Val\u00e9rie-400x401.jpg 400w, https:\/\/incarnationconsciente.ch\/wp-content\/uploads\/2019\/07\/T\u00e9moin-Val\u00e9rie-430x431.jpg 430w, https:\/\/incarnationconsciente.ch\/wp-content\/uploads\/2019\/07\/T\u00e9moin-Val\u00e9rie.jpg 1080w\" sizes=\"(max-width: 100px) 100vw, 100px\" \/><\/div>\n\t\t\t\t\t\t\n\t\t\t\t\t\t<h4 class=\"client-name col-md-8\">Val\u00e9rie<\/h4>\n\t\t\t\t\t\t\t\t\t\t\t\t\t<span class=\"client-function col-md-8\">m\u00e8re de 3, d\u00e9sir d&#039;un 4\u00e8me enfant<\/span>\n\t\t\t\t\t\t\t\t\t\t\t\t\n\t\t\t\t\t<\/div>\n\t\t\t\t\t\t\t\t\t\t\t\t\t\t\t\t\t\t\t<div class=\"testimonial col-md-6 col-sm-6 fadeInUp\">\n\t\t\t\t\t\t<div class=\"testimonial-body\"><p>Maintenant, notre fille est avec nous depuis presque une semaine. C&rsquo;est une petite \u00e2me tr\u00e8s d\u00e9tendue et calme. L&rsquo;accouchement \u00e0 domicile a \u00e9t\u00e9 magnifique et tr\u00e8s rapide. L&rsquo;a\u00een\u00e9e s&rsquo;est r\u00e9veill\u00e9e \u00e0 l&rsquo;heure juste avant la naissance. Nous \u00e9tions tous ensemble. La naissance de notre deuxi\u00e8me a \u00e9t\u00e9 tr\u00e8s sp\u00e9ciale pour nous en tant que famille et nous a encore plus rapproch\u00e9s.<\/p>\n<div class=\"x11i5rnm xat24cr x1mh8g0r x1vvkbs xtlvy1s x126k92a\">\n<div dir=\"auto\">Nous te remercions de tout c\u0153ur de nous avoir accompagn\u00e9s sur ce chemin et de nous avoir donn\u00e9 l&rsquo;espace pour vivre cette exp\u00e9rience tr\u00e8s sp\u00e9ciale.<\/div>\n<\/div>\n<\/div>\n\n\t\t\t\t\t\t\n\t\t\t\t\t\t<h4 class=\"client-name col-md-8\">Daniela<\/h4>\n\t\t\t\t\t\t\t\t\t\t\t\t\t<span class=\"client-function col-md-8\">maman de 2 enfants.<\/span>\n\t\t\t\t\t\t\t\t\t\t\t\t\n\t\t\t\t\t<\/div>\n\t\t\t\t\t\t\t\t\t\t\t\t\t\t\t\t\t\t\t<div class=\"testimonial col-md-6 col-sm-6 fadeInUp\">\n\t\t\t\t\t\t<div class=\"testimonial-body\"><p>Je te remercier de ce merveilleux weekend que nous avons pass\u00e9 ensemble ! <span class=\"text_exposed_show\">C\u2019\u00e9tait tout simplement magique, une parenth\u00e8se enchant\u00e9e dans laquelle je me suis sentie incroyablement bien. Je n\u2019ai pas les mots pour exprimer ce que j\u2019ai v\u00e9cu.\u00a0<\/span><span class=\"text_exposed_show\">J\u2019encouragerai toutes les femmes que je sais en d\u00e9sir d\u2019enfant de venir faire un stage chez toi .\u00a0<\/span><span class=\"text_exposed_show\">Quelle chance d\u2019avoir pu vivre \u00e7a <span class=\"_5mfr\"><span class=\"_6qdm\">?<\/span><\/span><\/span><\/p>\n<\/div>\n\n\t\t\t\t\t\t\t\t\t\t\t\t\t<div class=\"client-photo col-md-4\"><img loading=\"lazy\" decoding=\"async\" width=\"100\" height=\"100\" src=\"https:\/\/incarnationconsciente.ch\/wp-content\/uploads\/2019\/06\/Temoign-Gabrielle-100x100.jpg\" class=\"attachment-moesia-testimonials-thumb size-moesia-testimonials-thumb wp-post-image\" alt=\"T\u00e9moignage Gabrielle\" srcset=\"https:\/\/incarnationconsciente.ch\/wp-content\/uploads\/2019\/06\/Temoign-Gabrielle-100x100.jpg 100w, https:\/\/incarnationconsciente.ch\/wp-content\/uploads\/2019\/06\/Temoign-Gabrielle-150x150.jpg 150w, https:\/\/incarnationconsciente.ch\/wp-content\/uploads\/2019\/06\/Temoign-Gabrielle-300x300.jpg 300w, https:\/\/incarnationconsciente.ch\/wp-content\/uploads\/2019\/06\/Temoign-Gabrielle-400x400.jpg 400w, https:\/\/incarnationconsciente.ch\/wp-content\/uploads\/2019\/06\/Temoign-Gabrielle-430x430.jpg 430w, https:\/\/incarnationconsciente.ch\/wp-content\/uploads\/2019\/06\/Temoign-Gabrielle.jpg 480w\" sizes=\"(max-width: 100px) 100vw, 100px\" \/><\/div>\n\t\t\t\t\t\t\n\t\t\t\t\t\t<h4 class=\"client-name col-md-8\">Gabrielle<\/h4>\n\t\t\t\t\t\t\t\t\t\t\t\t\t<span class=\"client-function col-md-8\">en d\u00e9sir d&#039;un premier enfant, coiffeuse<\/span>\n\t\t\t\t\t\t\t\t\t\t\t\t\n\t\t\t\t\t<\/div>\n\t\t\t\t\t\t\t<\/div>\n\t\t\t\t\t\n\t\t\t\t\t\t\n\t\t<\/section>\t\t\n\t<\/div><\/div><\/div><\/div>","protected":false},"excerpt":{"rendered":"","protected":false},"author":1,"featured_media":0,"parent":0,"menu_order":0,"comment_status":"closed","ping_status":"closed","template":"elementor_header_footer","meta":{"footnotes":""},"class_list":["post-4083","page","type-page","status-publish","hentry"],"yoast_head":"<!-- This site is optimized with the Yoast SEO plugin v24.9 - https:\/\/yoast.com\/wordpress\/plugins\/seo\/ -->\n<title>Grossesse, Naissance, Incarnation consciente<\/title>\n<meta name=\"description\" content=\"Se pr\u00e9parer en conscience \u00e0 la grossesse et vivre une naissance spirituelle respectueuse. Plateforme d&#039;information. Service d&#039;accompagnement.\" \/>\n<meta name=\"robots\" content=\"index, follow, max-snippet:-1, max-image-preview:large, max-video-preview:-1\" \/>\n<link rel=\"canonical\" href=\"https:\/\/incarnationconsciente.ch\/\" \/>\n<meta property=\"og:locale\" content=\"fr_FR\" \/>\n<meta property=\"og:type\" content=\"article\" \/>\n<meta property=\"og:title\" content=\"Grossesse, Naissance, Incarnation consciente\" \/>\n<meta property=\"og:description\" content=\"Se pr\u00e9parer en conscience \u00e0 la grossesse et vivre une naissance spirituelle respectueuse. Plateforme d&#039;information. Service d&#039;accompagnement.\" \/>\n<meta property=\"og:url\" content=\"https:\/\/incarnationconsciente.ch\/\" \/>\n<meta property=\"og:site_name\" content=\"Incarnation consciente\" \/>\n<meta property=\"article:modified_time\" content=\"2023-04-26T13:29:19+00:00\" \/>\n<meta property=\"og:image\" content=\"https:\/\/incarnationconsciente.ch\/wp-content\/uploads\/2022\/11\/logo-rs-unterschrift.png\" \/>\n<meta name=\"twitter:card\" content=\"summary_large_image\" \/>\n<meta name=\"twitter:label1\" content=\"Dur\u00e9e de lecture estim\u00e9e\" \/>\n\t<meta name=\"twitter:data1\" content=\"5 minutes\" \/>\n<script type=\"application\/ld+json\" class=\"yoast-schema-graph\">{\"@context\":\"https:\/\/schema.org\",\"@graph\":[{\"@type\":\"WebPage\",\"@id\":\"https:\/\/incarnationconsciente.ch\/\",\"url\":\"https:\/\/incarnationconsciente.ch\/\",\"name\":\"Grossesse, Naissance, Incarnation consciente\",\"isPartOf\":{\"@id\":\"https:\/\/incarnationconsciente.ch\/#website\"},\"primaryImageOfPage\":{\"@id\":\"https:\/\/incarnationconsciente.ch\/#primaryimage\"},\"image\":{\"@id\":\"https:\/\/incarnationconsciente.ch\/#primaryimage\"},\"thumbnailUrl\":\"https:\/\/incarnationconsciente.ch\/wp-content\/uploads\/2022\/11\/logo-rs-unterschrift.png\",\"datePublished\":\"2019-03-12T23:33:38+00:00\",\"dateModified\":\"2023-04-26T13:29:19+00:00\",\"description\":\"Se pr\u00e9parer en conscience \u00e0 la grossesse et vivre une naissance spirituelle respectueuse. Plateforme d'information. Service d'accompagnement.\",\"breadcrumb\":{\"@id\":\"https:\/\/incarnationconsciente.ch\/#breadcrumb\"},\"inLanguage\":\"fr-FR\",\"potentialAction\":[{\"@type\":\"ReadAction\",\"target\":[\"https:\/\/incarnationconsciente.ch\/\"]}]},{\"@type\":\"ImageObject\",\"inLanguage\":\"fr-FR\",\"@id\":\"https:\/\/incarnationconsciente.ch\/#primaryimage\",\"url\":\"https:\/\/incarnationconsciente.ch\/wp-content\/uploads\/2022\/11\/logo-rs-unterschrift.png\",\"contentUrl\":\"https:\/\/incarnationconsciente.ch\/wp-content\/uploads\/2022\/11\/logo-rs-unterschrift.png\",\"width\":191,\"height\":66},{\"@type\":\"BreadcrumbList\",\"@id\":\"https:\/\/incarnationconsciente.ch\/#breadcrumb\",\"itemListElement\":[{\"@type\":\"ListItem\",\"position\":1,\"name\":\"Home\",\"item\":\"https:\/\/incarnationconsciente.ch\/\"},{\"@type\":\"ListItem\",\"position\":2,\"name\":\"Accueil\"}]},{\"@type\":\"WebSite\",\"@id\":\"https:\/\/incarnationconsciente.ch\/#website\",\"url\":\"https:\/\/incarnationconsciente.ch\/\",\"name\":\"Incarnation consciente\",\"description\":\"pour un accueil \u00e9veill\u00e9 &amp; une naissance spirituelle respectueuse\",\"potentialAction\":[{\"@type\":\"SearchAction\",\"target\":{\"@type\":\"EntryPoint\",\"urlTemplate\":\"https:\/\/incarnationconsciente.ch\/?s={search_term_string}\"},\"query-input\":{\"@type\":\"PropertyValueSpecification\",\"valueRequired\":true,\"valueName\":\"search_term_string\"}}],\"inLanguage\":\"fr-FR\"}]}<\/script>\n<!-- \/ Yoast SEO plugin. -->","yoast_head_json":{"title":"Grossesse, Naissance, Incarnation consciente","description":"Se pr\u00e9parer en conscience \u00e0 la grossesse et vivre une naissance spirituelle respectueuse. Plateforme d'information. Service d'accompagnement.","robots":{"index":"index","follow":"follow","max-snippet":"max-snippet:-1","max-image-preview":"max-image-preview:large","max-video-preview":"max-video-preview:-1"},"canonical":"https:\/\/incarnationconsciente.ch\/","og_locale":"fr_FR","og_type":"article","og_title":"Grossesse, Naissance, Incarnation consciente","og_description":"Se pr\u00e9parer en conscience \u00e0 la grossesse et vivre une naissance spirituelle respectueuse. Plateforme d'information. Service d'accompagnement.","og_url":"https:\/\/incarnationconsciente.ch\/","og_site_name":"Incarnation consciente","article_modified_time":"2023-04-26T13:29:19+00:00","og_image":[{"url":"https:\/\/incarnationconsciente.ch\/wp-content\/uploads\/2022\/11\/logo-rs-unterschrift.png","type":"","width":"","height":""}],"twitter_card":"summary_large_image","twitter_misc":{"Dur\u00e9e de lecture estim\u00e9e":"5 minutes"},"schema":{"@context":"https:\/\/schema.org","@graph":[{"@type":"WebPage","@id":"https:\/\/incarnationconsciente.ch\/","url":"https:\/\/incarnationconsciente.ch\/","name":"Grossesse, Naissance, Incarnation consciente","isPartOf":{"@id":"https:\/\/incarnationconsciente.ch\/#website"},"primaryImageOfPage":{"@id":"https:\/\/incarnationconsciente.ch\/#primaryimage"},"image":{"@id":"https:\/\/incarnationconsciente.ch\/#primaryimage"},"thumbnailUrl":"https:\/\/incarnationconsciente.ch\/wp-content\/uploads\/2022\/11\/logo-rs-unterschrift.png","datePublished":"2019-03-12T23:33:38+00:00","dateModified":"2023-04-26T13:29:19+00:00","description":"Se pr\u00e9parer en conscience \u00e0 la grossesse et vivre une naissance spirituelle respectueuse. Plateforme d'information. Service d'accompagnement.","breadcrumb":{"@id":"https:\/\/incarnationconsciente.ch\/#breadcrumb"},"inLanguage":"fr-FR","potentialAction":[{"@type":"ReadAction","target":["https:\/\/incarnationconsciente.ch\/"]}]},{"@type":"ImageObject","inLanguage":"fr-FR","@id":"https:\/\/incarnationconsciente.ch\/#primaryimage","url":"https:\/\/incarnationconsciente.ch\/wp-content\/uploads\/2022\/11\/logo-rs-unterschrift.png","contentUrl":"https:\/\/incarnationconsciente.ch\/wp-content\/uploads\/2022\/11\/logo-rs-unterschrift.png","width":191,"height":66},{"@type":"BreadcrumbList","@id":"https:\/\/incarnationconsciente.ch\/#breadcrumb","itemListElement":[{"@type":"ListItem","position":1,"name":"Home","item":"https:\/\/incarnationconsciente.ch\/"},{"@type":"ListItem","position":2,"name":"Accueil"}]},{"@type":"WebSite","@id":"https:\/\/incarnationconsciente.ch\/#website","url":"https:\/\/incarnationconsciente.ch\/","name":"Incarnation consciente","description":"pour un accueil \u00e9veill\u00e9 &amp; une naissance spirituelle respectueuse","potentialAction":[{"@type":"SearchAction","target":{"@type":"EntryPoint","urlTemplate":"https:\/\/incarnationconsciente.ch\/?s={search_term_string}"},"query-input":{"@type":"PropertyValueSpecification","valueRequired":true,"valueName":"search_term_string"}}],"inLanguage":"fr-FR"}]}},"_links":{"self":[{"href":"https:\/\/incarnationconsciente.ch\/index.php\/wp-json\/wp\/v2\/pages\/4083","targetHints":{"allow":["GET"]}}],"collection":[{"href":"https:\/\/incarnationconsciente.ch\/index.php\/wp-json\/wp\/v2\/pages"}],"about":[{"href":"https:\/\/incarnationconsciente.ch\/index.php\/wp-json\/wp\/v2\/types\/page"}],"author":[{"embeddable":true,"href":"https:\/\/incarnationconsciente.ch\/index.php\/wp-json\/wp\/v2\/users\/1"}],"replies":[{"embeddable":true,"href":"https:\/\/incarnationconsciente.ch\/index.php\/wp-json\/wp\/v2\/comments?post=4083"}],"version-history":[{"count":257,"href":"https:\/\/incarnationconsciente.ch\/index.php\/wp-json\/wp\/v2\/pages\/4083\/revisions"}],"predecessor-version":[{"id":7265,"href":"https:\/\/incarnationconsciente.ch\/index.php\/wp-json\/wp\/v2\/pages\/4083\/revisions\/7265"}],"wp:attachment":[{"href":"https:\/\/incarnationconsciente.ch\/index.php\/wp-json\/wp\/v2\/media?parent=4083"}],"curies":[{"name":"wp","href":"https:\/\/api.w.org\/{rel}","templated":true}]}}