{"id":21,"date":"2019-03-08T09:53:19","date_gmt":"2019-03-08T09:53:19","guid":{"rendered":"https:\/\/incarnationconsciente.ch\/?page_id=21"},"modified":"2024-02-08T16:13:24","modified_gmt":"2024-02-08T16:13:24","slug":"guerison-de-sa-propre-naissance","status":"publish","type":"page","link":"https:\/\/incarnationconsciente.ch\/index.php\/guerison-de-sa-propre-naissance\/","title":{"rendered":"Propre naissance"},"content":{"rendered":"<div id=\"pl-gb21-6a966e08480c7\"  class=\"panel-layout\" ><div id=\"pg-gb21-6a966e08480c7-0\"  class=\"panel-grid panel-no-style\" ><div id=\"pgc-gb21-6a966e08480c7-0-0\"  class=\"panel-grid-cell\" ><div id=\"panel-gb21-6a966e08480c7-0-0-0\" class=\"so-panel widget widget_text panel-first-child\" data-index=\"0\" ><div class=\"panel-widget-style panel-widget-style-for-gb21-6a966e08480c7-0-0-0\" >\t\t\t<div class=\"textwidget\"><p>&nbsp;<\/p>\n<p>&nbsp;<\/p>\n<p>&nbsp;<\/p>\n<p>&nbsp;<\/p>\n<p>&nbsp;<\/p>\n<p>&nbsp;<\/p>\n<p>&nbsp;<\/p>\n<\/div>\n\t\t<\/div><\/div><div id=\"panel-gb21-6a966e08480c7-0-0-1\" class=\"so-panel widget widget_sow-headline\" data-index=\"1\" ><div class=\"panel-widget-style panel-widget-style-for-gb21-6a966e08480c7-0-0-1\" ><div\n\t\t\t\n\t\t\tclass=\"so-widget-sow-headline so-widget-sow-headline-default-be27c946b948-21 so-widget-fittext-wrapper\"\n\t\t\t data-fit-text-compressor=\"0\"\n\t\t><div class=\"sow-headline-container \">\n\t\t\t\t\t\t\t<h2 class=\"sow-headline\">\n\t\t\t\t\t\tJe d\u00e9cide \u00e0 m&rsquo;incarner\t\t\t\t\t\t<\/h2>\n\t\t\t\t\t\t\t\t\t\t\t\t<h5 class=\"sow-sub-headline\">\n\t\t\t\t\t\t&#8230; et \u00e0 pleinement vivre.\t\t\t\t\t\t<\/h5>\n\t\t\t\t\t\t\t\t\t\t\t<div class=\"decoration\">\n\t\t\t\t\t\t<div class=\"decoration-inside\"><\/div>\n\t\t\t\t\t<\/div>\n\t\t\t\t\t<\/div>\n<\/div><\/div><\/div><div id=\"panel-gb21-6a966e08480c7-0-0-2\" class=\"so-panel widget widget_sow-editor\" data-index=\"2\" ><div class=\"panel-widget-style panel-widget-style-for-gb21-6a966e08480c7-0-0-2\" ><div\n\t\t\t\n\t\t\tclass=\"so-widget-sow-editor so-widget-sow-editor-base\"\n\t\t\t\n\t\t>\n<div class=\"siteorigin-widget-tinymce textwidget\">\n\t<p>\u00ab\u00a0Je suis venue de loin, avec une id\u00e9e, un concept, un carnet de route et plein d&rsquo;\u00e9lan de ce que je souhaite amener ici sur Terre. J&rsquo;ai choisi l&rsquo;environnement id\u00e9al pour faire mes experiences dans la polarit\u00e9. J&rsquo;ai choisi mes parents et les param\u00e8tres de ce voyage. Mais le plus je m&rsquo;approche de cette nouvelle vie qui m&rsquo;appelle, le plus j&rsquo;oublie, le plus mes anciennes blessures se font sentir, le plus lourd l&rsquo;\u00e9nergie autour de moi devient. Je suis d\u00e9sorient\u00e9e. Je me perds sur le chemin. Personne n&rsquo;est l\u00e0 pour me guider. Je suis distrais dans les divers mondes que j&rsquo;ai \u00e0 traverser pour y arriver. La charge familiale commence \u00e0 agir sur moi. Oui, j&rsquo;\u00e9tais inform\u00e9 en avance. J&rsquo;\u00e9tais d&rsquo;accord. Mais maintenant je le sens. Ce n&rsquo;est plus qu&rsquo;une id\u00e9e. Maintenant \u00e7a fait mal ! Personne m&rsquo;entend. Je suis seule. La pens\u00e9e de ma m\u00e8re de ne pas me vouloir accueillir me fait trembler \u00e0 l&rsquo;int\u00e9rieur. Elle est malheureuse. Je le sens. Je suis forte. J&rsquo;ai d\u00e9cid\u00e9 de venir et je fais mon mieux pour en r\u00e9ussir. Je me rappelle des fois dont j&rsquo;ai \u00e9chou\u00e9. Mais pas cette fois-ci ! Il est important que je viens sur Terre. Je suis une guerri\u00e8re, une combattante. Je viendrai na\u00eetre en mois d&rsquo;avril, je serai une pionni\u00e8re.\u00a0Je dois \u00eatre l\u00e0 quel que soit le d\u00e9fi que je dois relever. \u00a0\u00bb \u00a0&#8211; UNE \u00c2ME EN CHEMIN<\/p>\n<p>&nbsp;<\/p>\n<p>&nbsp;<\/p>\n<p style=\"text-align: center;\"><strong>Et toi ? Comment as-tu v\u00e9cu ton arriv\u00e9e ?<\/strong><\/p>\n<p style=\"text-align: center;\">Etais-tu souhait\u00e9 et d\u00e9sir\u00e9 ?\u00a0Une surprise ou m\u00eame un accident ?<\/p>\n<p style=\"text-align: center;\">Tes besoins, \u00e9taient-ils entendus ?\u00a0Quelles \u00e9motions ont impr\u00e9gn\u00e9 ta vie dans le ventre de ta m\u00e8re ?<\/p>\n<p>&nbsp;<\/p>\n<p style=\"text-align: center;\"><strong>Et ta naissance ?<\/strong><\/p>\n<p style=\"text-align: center;\">Etais-tu cherch\u00e9 avant que tu avais donn\u00e9 ton accord ? Dans quelle ambiance \u00e9tais-tu n\u00e9 ?<\/p>\n<p style=\"text-align: center;\">As-tu peut-\u00eatre refus\u00e9 de venir avec l&rsquo;effet de devoir induire l&rsquo;accouchement, te sortir avec forceps, ventouse, ou m\u00eame par c\u00e9sarienne ? Comment l&rsquo;as tu v\u00e9cu ?<\/p>\n<p>&nbsp;<\/p>\n<\/div>\n<\/div><\/div><\/div><div id=\"panel-gb21-6a966e08480c7-0-0-3\" class=\"so-panel widget widget_sow-headline\" data-index=\"3\" ><div class=\"panel-widget-style panel-widget-style-for-gb21-6a966e08480c7-0-0-3\" ><div\n\t\t\t\n\t\t\tclass=\"so-widget-sow-headline so-widget-sow-headline-default-adf54de4fb78-21 so-widget-fittext-wrapper\"\n\t\t\t data-fit-text-compressor=\"0\"\n\t\t><div class=\"sow-headline-container \">\n\t\t\t\t\t\t\t<h3 class=\"sow-headline\">\n\t\t\t\t\t\tLa fa\u00e7on dont tu \u00e9tais accueilli et n\u00e9\t\t\t\t\t\t<\/h3>\n\t\t\t\t\t\t\t\t\t\t\t\t<h4 class=\"sow-sub-headline\">\n\t\t\t\t\t\ta cr\u00e9e des divers sch\u00e8mas de fonctionnement dans ton inconscient.\t\t\t\t\t\t<\/h4>\n\t\t\t\t\t\t<\/div>\n<\/div><\/div><\/div><div id=\"panel-gb21-6a966e08480c7-0-0-4\" class=\"so-panel widget widget_sow-editor\" data-index=\"4\" ><div class=\"panel-widget-style panel-widget-style-for-gb21-6a966e08480c7-0-0-4\" ><div\n\t\t\t\n\t\t\tclass=\"so-widget-sow-editor so-widget-sow-editor-base\"\n\t\t\t\n\t\t>\n<div class=\"siteorigin-widget-tinymce textwidget\">\n\t<p>En d\u00e9voilant ceux-ci et en lib\u00e9rant les\u00a0\u00e9nergies\u00a0stagnantes autour de ta naissance, tu cr\u00e9eras une nouvelle programmation\u00a0de base\u00a0au-del\u00e0 de l&rsquo;ancien v\u00e9cu. Ta vie va prendre des nouvelles formes.<\/p>\n<p>&nbsp;<\/p>\n<p><img fetchpriority=\"high\" fetchpriority=\"high\" decoding=\"async\" class=\"aligncenter wp-image-6301 size-medium\" src=\"https:\/\/incarnationconsciente.ch\/wp-content\/uploads\/2022\/11\/http-www.newkidscenter.com-images-10415750-newborn-1-300x172.jpg\" alt=\"Gu\u00e9rison de sa propre naissance Incarnation Consciente\" width=\"300\" height=\"172\" srcset=\"https:\/\/incarnationconsciente.ch\/wp-content\/uploads\/2022\/11\/http-www.newkidscenter.com-images-10415750-newborn-1-300x172.jpg 300w, https:\/\/incarnationconsciente.ch\/wp-content\/uploads\/2022\/11\/http-www.newkidscenter.com-images-10415750-newborn-1-400x229.jpg 400w, https:\/\/incarnationconsciente.ch\/wp-content\/uploads\/2022\/11\/http-www.newkidscenter.com-images-10415750-newborn-1-430x246.jpg 430w, https:\/\/incarnationconsciente.ch\/wp-content\/uploads\/2022\/11\/http-www.newkidscenter.com-images-10415750-newborn-1-150x86.jpg 150w, https:\/\/incarnationconsciente.ch\/wp-content\/uploads\/2022\/11\/http-www.newkidscenter.com-images-10415750-newborn-1-100x57.jpg 100w, https:\/\/incarnationconsciente.ch\/wp-content\/uploads\/2022\/11\/http-www.newkidscenter.com-images-10415750-newborn-1.jpg 682w\" sizes=\"(max-width: 300px) 100vw, 300px\" \/><\/p>\n<\/div>\n<\/div><\/div><\/div><div id=\"panel-gb21-6a966e08480c7-0-0-5\" class=\"so-panel widget widget_text\" data-index=\"5\" ><div id=\"seance-id\" class=\"panel-widget-style panel-widget-style-for-gb21-6a966e08480c7-0-0-5\" ><h3 class=\"widget-title\">S\u00e9ance Incarnation<\/h3>\t\t\t<div class=\"textwidget\"><\/div>\n\t\t<\/div><\/div><div id=\"panel-gb21-6a966e08480c7-0-0-6\" class=\"so-panel widget widget_sow-headline panel-last-child\" data-index=\"6\" ><div\n\t\t\t\n\t\t\tclass=\"so-widget-sow-headline so-widget-sow-headline-default-771b70f7f01f-21\"\n\t\t\t\n\t\t><div class=\"sow-headline-container \">\n\t\t\t\t\t\t\t<h2 class=\"sow-headline\">\n\t\t\t\t\t\tGu\u00e9rison de sa propre naissance\t\t\t\t\t\t<\/h2>\n\t\t\t\t\t\t<\/div>\n<\/div><\/div><\/div><\/div><div id=\"pg-gb21-6a966e08480c7-1\"  class=\"panel-grid panel-no-style\" ><div id=\"pgc-gb21-6a966e08480c7-1-0\"  class=\"panel-grid-cell\" ><div id=\"panel-gb21-6a966e08480c7-1-0-0\" class=\"so-panel widget widget_text panel-first-child panel-last-child\" data-index=\"7\" >\t\t\t<div class=\"textwidget\"><p>Chaque fois lorsque tu es confront\u00e9 \u00e0 une \u00e9preuve ou\u00a0tu d\u00e9butes un nouveau projet,\u00a0tu r\u00e9p\u00e8tes\u00a0inconsciemment le\u00a0sch\u00e8ma de ta naissance et tu es prise dans son enjeu.<\/p>\n<p>&nbsp;<\/p>\n<p><center><strong>Clarifie les circonstances de ta propre arriv\u00e9e afin que des souffrances cach\u00e9es et des confusions concernant ton existence peuvent \u00eatre lib\u00e9r\u00e9. <\/strong><\/center>&nbsp;<\/p>\n<p>Les parties \u00e9parpill\u00e9es de ton \u00e2me vont te rejoindre dans ton incarnation actuelle avec l&rsquo;effet que<\/p>\n<ul>\n<li>tu te sentiras plus entier,<\/li>\n<li>mieux \u00e0 ta place et ainsi<\/li>\n<li>profiteras plus de vitalit\u00e9 et d&rsquo;\u00e9lan.<\/li>\n<\/ul>\n<p>&nbsp;<\/p>\n<p>Ton chemin de vie (ton mandat d&rsquo;\u00e2me, ta mission, ..) se d\u00e9ploiera plus clairement devant toi.<\/p>\n<p>&nbsp;<\/p>\n<p><em>Les futures m\u00e8res et p\u00e8res sont sp\u00e9cialement concern\u00e9s du v\u00e9cu dans le ventre de leur m\u00e8re et la mani\u00e8re dont leur naissance s\u2019est d\u00e9roul\u00e9. Les blessures et les \u00e9motions non-entendues de cette p\u00e9riode peuvent affecter la conception, assombrir l\u2019exp\u00e9rience de la grossesse et influencer l\u2019accouchement du future enfant.<\/em><\/p>\n<\/div>\n\t\t<\/div><\/div><div id=\"pgc-gb21-6a966e08480c7-1-1\"  class=\"panel-grid-cell\" ><div id=\"panel-gb21-6a966e08480c7-1-1-0\" class=\"so-panel widget widget_media_image panel-first-child\" data-index=\"8\" ><img decoding=\"async\" width=\"300\" height=\"300\" src=\"https:\/\/incarnationconsciente.ch\/wp-content\/uploads\/2022\/11\/amour-coeur-300x300.jpg\" class=\"image wp-image-6311  attachment-medium size-medium\" alt=\"Amour de la maman Incarnation consciente\" style=\"max-width: 100%; height: auto;\" srcset=\"https:\/\/incarnationconsciente.ch\/wp-content\/uploads\/2022\/11\/amour-coeur-300x300.jpg 300w, https:\/\/incarnationconsciente.ch\/wp-content\/uploads\/2022\/11\/amour-coeur-150x150.jpg 150w, https:\/\/incarnationconsciente.ch\/wp-content\/uploads\/2022\/11\/amour-coeur-768x766.jpg 768w, https:\/\/incarnationconsciente.ch\/wp-content\/uploads\/2022\/11\/amour-coeur-750x748.jpg 750w, https:\/\/incarnationconsciente.ch\/wp-content\/uploads\/2022\/11\/amour-coeur-400x399.jpg 400w, https:\/\/incarnationconsciente.ch\/wp-content\/uploads\/2022\/11\/amour-coeur-430x429.jpg 430w, https:\/\/incarnationconsciente.ch\/wp-content\/uploads\/2022\/11\/amour-coeur-100x100.jpg 100w, https:\/\/incarnationconsciente.ch\/wp-content\/uploads\/2022\/11\/amour-coeur.jpg 960w\" sizes=\"(max-width: 300px) 100vw, 300px\" \/><\/div><div id=\"panel-gb21-6a966e08480c7-1-1-1\" class=\"so-panel widget widget_text panel-last-child\" data-index=\"9\" >\t\t\t<div class=\"textwidget\"><p>&nbsp;<\/p>\n<h6>Pour qui<\/h6>\n<p>Femme &amp; Homme<br \/>\nqui souhaitent vivre plus intens\u00e9ment en lien avec leur puissance divine.<\/p>\n<h6><\/h6>\n<p>&nbsp;<\/p>\n<h6>O\u00f9<\/h6>\n<p>S\u00e9ance par visio\/\u00e0 distance<br \/>\nou au cabinet \u00e0 Pringy,\u00a0Gruy\u00e8res<\/p>\n<h6><\/h6>\n<p>&nbsp;<\/p>\n<h6>Combien<\/h6>\n<p>Soin unique : 140 , &#8211; SFr\/\u20ac<\/p>\n<p>S\u00e9rie de 3 s\u00e9ances : 340 , &#8211; SFr\/\u20ac<\/p>\n<\/div>\n\t\t<\/div><\/div><\/div><div id=\"pg-gb21-6a966e08480c7-2\"  class=\"panel-grid panel-no-style\" ><div id=\"pgc-gb21-6a966e08480c7-2-0\"  class=\"panel-grid-cell\" ><div id=\"panel-gb21-6a966e08480c7-2-0-0\" class=\"so-panel widget widget_sow-contact-form panel-first-child panel-last-child\" data-index=\"10\" ><div class=\"panel-widget-style panel-widget-style-for-gb21-6a966e08480c7-2-0-0\" ><div\n\t\t\t\n\t\t\tclass=\"so-widget-sow-contact-form so-widget-sow-contact-form-default-33494fadbb59-21\"\n\t\t\t\n\t\t><h3 class=\"widget-title\">POUR T\u2019INSCRIRE OU PRENDRE CONTACT<\/h3>\t<form\n\t\taction=\"\/index.php\/wp-json\/wp\/v2\/pages\/21\"\n\t\tmethod=\"POST\"\n\t\tclass=\"sow-contact-form\"\n\t\tid=\"contact-form-11ca\"\n\t>\n\n\t\t\n\t\t\t\t\t<div class=\"sow-form-field sow-form-field-name\">\n\t\t\t\t<label class=\"sow-form-field-label-above\" for=\"sow-contact-form-field-nom-1\">\n\t\t\t\t<strong>\n\t\t\t\t\tNom\t\t\t\t\t\t\t\t\t<\/strong>\n\t\t\t<\/label>\n\t\t\t\t\t\t\t<div class=\"sow-field-container\">\n\t\t\t\t\t\t\t<input\n\t\t\ttype=\"text\"\n\t\t\tname=\"nom-1\"\n\t\t\tid=\"sow-contact-form-field-nom-1\"\n\t\t\tvalue=\"\"\n\t\t\tclass=\"sow-text-field\"\n\t\t\t\t\t\t\t\t\/>\n\t\t\t\t\t\t<\/div>\n\t\t\t\t\t\t\t<\/div>\n\t\t\t\t\t\t<div class=\"sow-form-field sow-form-field-email\">\n\t\t\t\t<label class=\"sow-form-field-label-above\" for=\"sow-contact-form-field-e-mail-1\">\n\t\t\t\t<strong>\n\t\t\t\t\tE-Mail\t\t\t\t\t\t\t\t\t<\/strong>\n\t\t\t<\/label>\n\t\t\t\t\t\t\t<div class=\"sow-field-container\">\n\t\t\t\t\t\t\t<input\n\t\t\ttype=\"email\"\n\t\t\tname=\"e-mail-1\"\n\t\t\tid=\"sow-contact-form-field-e-mail-1\"\n\t\t\tvalue=\"\"\n\t\t\tclass=\"sow-text-field\"\t\t\t\t\t\t\t\t\/>\n\t\t\t\t\t\t<\/div>\n\t\t\t\t\t\t\t<\/div>\n\t\t\t\t\t\t<div class=\"sow-form-field sow-form-field-textarea\">\n\t\t\t\t<label class=\"sow-form-field-label-above\" for=\"sow-contact-form-field-message-1\">\n\t\t\t\t<strong>\n\t\t\t\t\tMessage\t\t\t\t\t\t\t\t\t<\/strong>\n\t\t\t<\/label>\n\t\t\t\t\t\t\t<div class=\"sow-field-container\">\n\t\t\t\t\t\t\t<textarea\n\t\t\tname=\"message-1\"\n\t\t\tid=\"sow-contact-form-field-message-1\"\n\t\t\trows=\"10\"\n\t\t\t\t\t\t\t\t><\/textarea>\n\t\t\t\t\t\t<\/div>\n\t\t\t\t\t\t\t<\/div>\n\t\t\t\n\t\t\t\t\t<div class=\"sow-recaptcha\"\n\t\t\t\t\t\t\t\t\tdata-config=\"{&quot;sitekey&quot;:&quot;6LdgCaUUAAAAAF0oq6arfWiSoe6GVeoDJB0GXPBk&quot;,&quot;theme&quot;:&quot;light&quot;,&quot;type&quot;:&quot;image&quot;,&quot;size&quot;:&quot;normal&quot;}\"\n\t\t\t\t\t\t\t><\/div>\n\t\t\t\n\t\t<div class=\"sow-submit-wrapper sow-submit-styled\">\n\n\t\t\t<button\n\t\t\t\ttype=\"submit\"\n\t\t\t\tclass=\"sow-submit\"\n\t\t\t\t\t\t\t>\n\t\t\t\tEnvoyer\t\t\t<\/button>\n\t\t<\/div>\n\t\t\t\t<input\n\t\t\ttype=\"hidden\"\n\t\t\tname=\"instance_hash-1\"\n\t\t\tvalue=\"11ca9cb4\"\n\t\t\/>\n\n\t\t<input type=\"hidden\" id=\"_wpnonce\" name=\"_wpnonce\" value=\"fde0a03899\" \/><input type=\"hidden\" name=\"_wp_http_referer\" value=\"\/index.php\/wp-json\/wp\/v2\/pages\/21\" \/>\t<\/form>\n\t<\/div><\/div><\/div><\/div><\/div><\/div>","protected":false},"excerpt":{"rendered":"<p>&nbsp; &nbsp; &nbsp; &nbsp; &nbsp; &nbsp; &nbsp; \u00ab\u00a0Je suis venue de loin, avec une id\u00e9e, un concept, un carnet de route et plein d&rsquo;\u00e9lan de ce que je souhaite amener [&hellip;]<\/p>\n","protected":false},"author":1,"featured_media":3695,"parent":0,"menu_order":0,"comment_status":"closed","ping_status":"closed","template":"elementor_header_footer","meta":{"footnotes":""},"class_list":["post-21","page","type-page","status-publish","has-post-thumbnail","hentry"],"yoast_head":"<!-- This site is optimized with the Yoast SEO plugin v24.9 - https:\/\/yoast.com\/wordpress\/plugins\/seo\/ -->\n<title>Gu\u00e9rison de sa propre naissance - Incarnation consciente<\/title>\n<meta name=\"description\" content=\"Gu\u00e9rison de sa propre naissance : La fa\u00e7on dont tu es venue au monde, affecte comment tu vis maintenant. Recr\u00e9e le fondement de ta vie.\" \/>\n<meta name=\"robots\" content=\"index, follow, max-snippet:-1, max-image-preview:large, max-video-preview:-1\" \/>\n<link rel=\"canonical\" href=\"https:\/\/incarnationconsciente.ch\/index.php\/guerison-de-sa-propre-naissance\/\" \/>\n<meta property=\"og:locale\" content=\"fr_FR\" \/>\n<meta property=\"og:type\" content=\"article\" \/>\n<meta property=\"og:title\" content=\"Gu\u00e9rison de sa propre naissance - Incarnation consciente\" \/>\n<meta property=\"og:description\" content=\"Gu\u00e9rison de sa propre naissance : La fa\u00e7on dont tu es venue au monde, affecte comment tu vis maintenant. Recr\u00e9e le fondement de ta vie.\" \/>\n<meta property=\"og:url\" content=\"https:\/\/incarnationconsciente.ch\/index.php\/guerison-de-sa-propre-naissance\/\" \/>\n<meta property=\"og:site_name\" content=\"Incarnation consciente\" \/>\n<meta property=\"article:modified_time\" content=\"2024-02-08T16:13:24+00:00\" \/>\n<meta property=\"og:image\" content=\"https:\/\/incarnationconsciente.ch\/wp-content\/uploads\/2019\/03\/Propre-Naissance-1.jpg\" \/>\n\t<meta property=\"og:image:width\" content=\"460\" \/>\n\t<meta property=\"og:image:height\" content=\"413\" \/>\n\t<meta property=\"og:image:type\" content=\"image\/jpeg\" \/>\n<meta name=\"twitter:card\" content=\"summary_large_image\" \/>\n<meta name=\"twitter:label1\" content=\"Dur\u00e9e de lecture estim\u00e9e\" \/>\n\t<meta name=\"twitter:data1\" content=\"4 minutes\" \/>\n<script type=\"application\/ld+json\" class=\"yoast-schema-graph\">{\"@context\":\"https:\/\/schema.org\",\"@graph\":[{\"@type\":\"WebPage\",\"@id\":\"https:\/\/incarnationconsciente.ch\/index.php\/guerison-de-sa-propre-naissance\/\",\"url\":\"https:\/\/incarnationconsciente.ch\/index.php\/guerison-de-sa-propre-naissance\/\",\"name\":\"Gu\u00e9rison de sa propre naissance - Incarnation consciente\",\"isPartOf\":{\"@id\":\"https:\/\/incarnationconsciente.ch\/#website\"},\"primaryImageOfPage\":{\"@id\":\"https:\/\/incarnationconsciente.ch\/index.php\/guerison-de-sa-propre-naissance\/#primaryimage\"},\"image\":{\"@id\":\"https:\/\/incarnationconsciente.ch\/index.php\/guerison-de-sa-propre-naissance\/#primaryimage\"},\"thumbnailUrl\":\"https:\/\/incarnationconsciente.ch\/wp-content\/uploads\/2019\/03\/Propre-Naissance-1.jpg\",\"datePublished\":\"2019-03-08T09:53:19+00:00\",\"dateModified\":\"2024-02-08T16:13:24+00:00\",\"description\":\"Gu\u00e9rison de sa propre naissance : La fa\u00e7on dont tu es venue au monde, affecte comment tu vis maintenant. Recr\u00e9e le fondement de ta vie.\",\"breadcrumb\":{\"@id\":\"https:\/\/incarnationconsciente.ch\/index.php\/guerison-de-sa-propre-naissance\/#breadcrumb\"},\"inLanguage\":\"fr-FR\",\"potentialAction\":[{\"@type\":\"ReadAction\",\"target\":[\"https:\/\/incarnationconsciente.ch\/index.php\/guerison-de-sa-propre-naissance\/\"]}]},{\"@type\":\"ImageObject\",\"inLanguage\":\"fr-FR\",\"@id\":\"https:\/\/incarnationconsciente.ch\/index.php\/guerison-de-sa-propre-naissance\/#primaryimage\",\"url\":\"https:\/\/incarnationconsciente.ch\/wp-content\/uploads\/2019\/03\/Propre-Naissance-1.jpg\",\"contentUrl\":\"https:\/\/incarnationconsciente.ch\/wp-content\/uploads\/2019\/03\/Propre-Naissance-1.jpg\",\"width\":460,\"height\":413},{\"@type\":\"BreadcrumbList\",\"@id\":\"https:\/\/incarnationconsciente.ch\/index.php\/guerison-de-sa-propre-naissance\/#breadcrumb\",\"itemListElement\":[{\"@type\":\"ListItem\",\"position\":1,\"name\":\"Home\",\"item\":\"https:\/\/incarnationconsciente.ch\/\"},{\"@type\":\"ListItem\",\"position\":2,\"name\":\"Propre naissance\"}]},{\"@type\":\"WebSite\",\"@id\":\"https:\/\/incarnationconsciente.ch\/#website\",\"url\":\"https:\/\/incarnationconsciente.ch\/\",\"name\":\"Incarnation consciente\",\"description\":\"pour un accueil \u00e9veill\u00e9 &amp; une naissance spirituelle respectueuse\",\"potentialAction\":[{\"@type\":\"SearchAction\",\"target\":{\"@type\":\"EntryPoint\",\"urlTemplate\":\"https:\/\/incarnationconsciente.ch\/?s={search_term_string}\"},\"query-input\":{\"@type\":\"PropertyValueSpecification\",\"valueRequired\":true,\"valueName\":\"search_term_string\"}}],\"inLanguage\":\"fr-FR\"}]}<\/script>\n<!-- \/ Yoast SEO plugin. -->","yoast_head_json":{"title":"Gu\u00e9rison de sa propre naissance - Incarnation consciente","description":"Gu\u00e9rison de sa propre naissance : La fa\u00e7on dont tu es venue au monde, affecte comment tu vis maintenant. Recr\u00e9e le fondement de ta vie.","robots":{"index":"index","follow":"follow","max-snippet":"max-snippet:-1","max-image-preview":"max-image-preview:large","max-video-preview":"max-video-preview:-1"},"canonical":"https:\/\/incarnationconsciente.ch\/index.php\/guerison-de-sa-propre-naissance\/","og_locale":"fr_FR","og_type":"article","og_title":"Gu\u00e9rison de sa propre naissance - Incarnation consciente","og_description":"Gu\u00e9rison de sa propre naissance : La fa\u00e7on dont tu es venue au monde, affecte comment tu vis maintenant. Recr\u00e9e le fondement de ta vie.","og_url":"https:\/\/incarnationconsciente.ch\/index.php\/guerison-de-sa-propre-naissance\/","og_site_name":"Incarnation consciente","article_modified_time":"2024-02-08T16:13:24+00:00","og_image":[{"width":460,"height":413,"url":"https:\/\/incarnationconsciente.ch\/wp-content\/uploads\/2019\/03\/Propre-Naissance-1.jpg","type":"image\/jpeg"}],"twitter_card":"summary_large_image","twitter_misc":{"Dur\u00e9e de lecture estim\u00e9e":"4 minutes"},"schema":{"@context":"https:\/\/schema.org","@graph":[{"@type":"WebPage","@id":"https:\/\/incarnationconsciente.ch\/index.php\/guerison-de-sa-propre-naissance\/","url":"https:\/\/incarnationconsciente.ch\/index.php\/guerison-de-sa-propre-naissance\/","name":"Gu\u00e9rison de sa propre naissance - Incarnation consciente","isPartOf":{"@id":"https:\/\/incarnationconsciente.ch\/#website"},"primaryImageOfPage":{"@id":"https:\/\/incarnationconsciente.ch\/index.php\/guerison-de-sa-propre-naissance\/#primaryimage"},"image":{"@id":"https:\/\/incarnationconsciente.ch\/index.php\/guerison-de-sa-propre-naissance\/#primaryimage"},"thumbnailUrl":"https:\/\/incarnationconsciente.ch\/wp-content\/uploads\/2019\/03\/Propre-Naissance-1.jpg","datePublished":"2019-03-08T09:53:19+00:00","dateModified":"2024-02-08T16:13:24+00:00","description":"Gu\u00e9rison de sa propre naissance : La fa\u00e7on dont tu es venue au monde, affecte comment tu vis maintenant. Recr\u00e9e le fondement de ta vie.","breadcrumb":{"@id":"https:\/\/incarnationconsciente.ch\/index.php\/guerison-de-sa-propre-naissance\/#breadcrumb"},"inLanguage":"fr-FR","potentialAction":[{"@type":"ReadAction","target":["https:\/\/incarnationconsciente.ch\/index.php\/guerison-de-sa-propre-naissance\/"]}]},{"@type":"ImageObject","inLanguage":"fr-FR","@id":"https:\/\/incarnationconsciente.ch\/index.php\/guerison-de-sa-propre-naissance\/#primaryimage","url":"https:\/\/incarnationconsciente.ch\/wp-content\/uploads\/2019\/03\/Propre-Naissance-1.jpg","contentUrl":"https:\/\/incarnationconsciente.ch\/wp-content\/uploads\/2019\/03\/Propre-Naissance-1.jpg","width":460,"height":413},{"@type":"BreadcrumbList","@id":"https:\/\/incarnationconsciente.ch\/index.php\/guerison-de-sa-propre-naissance\/#breadcrumb","itemListElement":[{"@type":"ListItem","position":1,"name":"Home","item":"https:\/\/incarnationconsciente.ch\/"},{"@type":"ListItem","position":2,"name":"Propre naissance"}]},{"@type":"WebSite","@id":"https:\/\/incarnationconsciente.ch\/#website","url":"https:\/\/incarnationconsciente.ch\/","name":"Incarnation consciente","description":"pour un accueil \u00e9veill\u00e9 &amp; une naissance spirituelle respectueuse","potentialAction":[{"@type":"SearchAction","target":{"@type":"EntryPoint","urlTemplate":"https:\/\/incarnationconsciente.ch\/?s={search_term_string}"},"query-input":{"@type":"PropertyValueSpecification","valueRequired":true,"valueName":"search_term_string"}}],"inLanguage":"fr-FR"}]}},"_links":{"self":[{"href":"https:\/\/incarnationconsciente.ch\/index.php\/wp-json\/wp\/v2\/pages\/21","targetHints":{"allow":["GET"]}}],"collection":[{"href":"https:\/\/incarnationconsciente.ch\/index.php\/wp-json\/wp\/v2\/pages"}],"about":[{"href":"https:\/\/incarnationconsciente.ch\/index.php\/wp-json\/wp\/v2\/types\/page"}],"author":[{"embeddable":true,"href":"https:\/\/incarnationconsciente.ch\/index.php\/wp-json\/wp\/v2\/users\/1"}],"replies":[{"embeddable":true,"href":"https:\/\/incarnationconsciente.ch\/index.php\/wp-json\/wp\/v2\/comments?post=21"}],"version-history":[{"count":305,"href":"https:\/\/incarnationconsciente.ch\/index.php\/wp-json\/wp\/v2\/pages\/21\/revisions"}],"predecessor-version":[{"id":7346,"href":"https:\/\/incarnationconsciente.ch\/index.php\/wp-json\/wp\/v2\/pages\/21\/revisions\/7346"}],"wp:featuredmedia":[{"embeddable":true,"href":"https:\/\/incarnationconsciente.ch\/index.php\/wp-json\/wp\/v2\/media\/3695"}],"wp:attachment":[{"href":"https:\/\/incarnationconsciente.ch\/index.php\/wp-json\/wp\/v2\/media?parent=21"}],"curies":[{"name":"wp","href":"https:\/\/api.w.org\/{rel}","templated":true}]}}