{"id":20,"date":"2019-03-08T09:53:19","date_gmt":"2019-03-08T09:53:19","guid":{"rendered":"https:\/\/incarnationconsciente.ch\/?page_id=20"},"modified":"2023-04-17T14:48:17","modified_gmt":"2023-04-17T14:48:17","slug":"arret-de-grossesse","status":"publish","type":"page","link":"https:\/\/incarnationconsciente.ch\/index.php\/arret-de-grossesse\/","title":{"rendered":"Arr\u00eat de grossesse"},"content":{"rendered":"<div id=\"pl-gb20-6a966d9824c5e\"  class=\"panel-layout\" ><div id=\"pg-gb20-6a966d9824c5e-0\"  class=\"panel-grid panel-no-style\" ><div id=\"pgc-gb20-6a966d9824c5e-0-0\"  class=\"panel-grid-cell\" ><div id=\"panel-gb20-6a966d9824c5e-0-0-0\" class=\"so-panel widget widget_text panel-first-child\" data-index=\"0\" ><div class=\"panel-widget-style panel-widget-style-for-gb20-6a966d9824c5e-0-0-0\" >\t\t\t<div class=\"textwidget\"><p>&nbsp;<\/p>\n<p>&nbsp;<\/p>\n<p>&nbsp;<\/p>\n<p>&nbsp;<\/p>\n<p>&nbsp;<\/p>\n<p>&nbsp;<\/p>\n<p>&nbsp;<\/p>\n<\/div>\n\t\t<\/div><\/div><div id=\"panel-gb20-6a966d9824c5e-0-0-1\" class=\"so-panel widget widget_sow-headline\" data-index=\"1\" ><div\n\t\t\t\n\t\t\tclass=\"so-widget-sow-headline so-widget-sow-headline-default-fdd5994fdfe2-20\"\n\t\t\t\n\t\t><div class=\"sow-headline-container \">\n\t\t\t\t\t\t\t<h2 class=\"sow-headline\">\n\t\t\t\t\t\tChaque enfant est un cadeau divin,\t\t\t\t\t\t<\/h2>\n\t\t\t\t\t\t\t\t\t\t\t\t<h5 class=\"sow-sub-headline\">\n\t\t\t\t\t\t quel que soit la dur\u00e9e de sa pr\u00e9sence avec nous.\t\t\t\t\t\t<\/h5>\n\t\t\t\t\t\t\t\t\t\t\t<div class=\"decoration\">\n\t\t\t\t\t\t<div class=\"decoration-inside\"><\/div>\n\t\t\t\t\t<\/div>\n\t\t\t\t\t<\/div>\n<\/div><\/div><div id=\"panel-gb20-6a966d9824c5e-0-0-2\" class=\"so-panel widget widget_sow-editor\" data-index=\"2\" ><div\n\t\t\t\n\t\t\tclass=\"so-widget-sow-editor so-widget-sow-editor-base\"\n\t\t\t\n\t\t>\n<div class=\"siteorigin-widget-tinymce textwidget\">\n\t<p style=\"text-align: center;\">Si la grossesse ne se d\u00e9roule pas comme pr\u00e9vu, &#8230;<\/p>\n<p>&nbsp;<\/p>\n<p><center><\/center><center><\/center>La perte d\u2019un b\u00e9b\u00e9 est un d\u00e9fi particuli\u00e8rement \u00e9prouvant pour une femme enceinte\/nouvelle m\u00e8re et le p\u00e8re de l&rsquo;enfant.\u00a0Le temps s\u2019arr\u00eate. Les pens\u00e9es tournent en rond. Les \u00e9motions font des hauts et des bas.<\/p>\n<p><center><\/center><br \/>\n<i>Pourquoi m&rsquo;arrive-t&rsquo;il ceci ? Comment vivre ce moment en Conscience et en amour pour le b\u00e9b\u00e9 et moi-m\u00eame ? Est-ce que l&rsquo;\u00e2me du b\u00e9b\u00e9 va bien ? A-t&rsquo;elle encore un message pour nous ? Qu&rsquo;est-ce que la vie souhaite me faire comprendre ?<\/i><\/p>\n<p>&nbsp;<\/p>\n<p>J&rsquo;accompagne &#8211; en cas de <strong>petite naissance <\/strong>(fausse couche),\u00a0de\u00a0<strong>mort-n\u00e9<\/strong> et aussi lorsque tu d\u00e9cideras d&rsquo;<strong>interrompre la grossesse<\/strong>\u00a0&#8211; \u00e9nerg\u00e9tiquement \u00e0 distance cet accouchement particulier\u00a0pour<\/p>\n<ul>\n<li>t&rsquo;offrir un espace sacr\u00e9 de soutien et<\/li>\n<li>aider ton corps \u00e0 vivre ce passage plus ais\u00e9ment.<\/li>\n<\/ul>\n<p>&nbsp;<\/p>\n<p>\u00c0 la fois, je suis en contact avec l&rsquo;\u00e2me du b\u00e9b\u00e9 pour qu&rsquo;elle se sent entendu et soutenu sur son chemin. Je\u00a0veille qu&rsquo;elle puisse se d\u00e9tacher enti\u00e8rement du corps physique pour bien se rendre dans l&rsquo;autre monde.<\/p>\n<p>&nbsp;<\/p>\n<p>Souvent, en cas de IGM, en tant que m\u00e8re, on n&rsquo;arrive plus \u00e0 penser clairement. Pendant cet accompagnement \u00e9nerg\u00e9tico-spirituel l&rsquo;\u00e2me du b\u00e9b\u00e9 sera pr\u00e9parer \u00e0 ce qui va se passer et elle aura une interm\u00e9diaire pour transmettre des possibles derniers messages \u00e0 ses parents. Elle sera accompagn\u00e9 sur son chemin vers l&rsquo;autre monde. Son adieu se fait donc en respect et dans la conscience.<\/p>\n<p>&nbsp;<\/p>\n<p>La <strong>communication avec l\u2019\u00e2me<\/strong>, en ce compris des chants intuitifs et des vibrations bienfaisantes, permettent un passage doux et digne. Malgr\u00e9 du d\u00e9fi de cet accouchement, tu peux le vivre connect\u00e9 \u00e0 ta puissance. Elle est une initiation sans pair et fait partie de la magie de la Vie. Tu es devenue maman, comme toutes les autres m\u00e8res. Ton enfant continue juste \u00e0 vivre dans les \u00e9toiles.<\/p>\n<p>&nbsp;<\/p>\n<p><img fetchpriority=\"high\" fetchpriority=\"high\" decoding=\"async\" class=\"aligncenter wp-image-6287 size-large\" src=\"https:\/\/incarnationconsciente.ch\/wp-content\/uploads\/2022\/11\/IC-arret-grossesse-1024x337.jpg\" alt=\"Arr\u00eat de grossesse\" width=\"1024\" height=\"337\" srcset=\"https:\/\/incarnationconsciente.ch\/wp-content\/uploads\/2022\/11\/IC-arret-grossesse-1024x337.jpg 1024w, https:\/\/incarnationconsciente.ch\/wp-content\/uploads\/2022\/11\/IC-arret-grossesse-300x99.jpg 300w, https:\/\/incarnationconsciente.ch\/wp-content\/uploads\/2022\/11\/IC-arret-grossesse-768x253.jpg 768w, https:\/\/incarnationconsciente.ch\/wp-content\/uploads\/2022\/11\/IC-arret-grossesse-1536x505.jpg 1536w, https:\/\/incarnationconsciente.ch\/wp-content\/uploads\/2022\/11\/IC-arret-grossesse-2048x674.jpg 2048w, https:\/\/incarnationconsciente.ch\/wp-content\/uploads\/2022\/11\/IC-arret-grossesse-750x247.jpg 750w, https:\/\/incarnationconsciente.ch\/wp-content\/uploads\/2022\/11\/IC-arret-grossesse-400x132.jpg 400w, https:\/\/incarnationconsciente.ch\/wp-content\/uploads\/2022\/11\/IC-arret-grossesse-430x142.jpg 430w, https:\/\/incarnationconsciente.ch\/wp-content\/uploads\/2022\/11\/IC-arret-grossesse-150x49.jpg 150w, https:\/\/incarnationconsciente.ch\/wp-content\/uploads\/2022\/11\/IC-arret-grossesse-100x33.jpg 100w\" sizes=\"(max-width: 1024px) 100vw, 1024px\" \/><\/p>\n<p>&nbsp;<\/p>\n<p><span style=\"color: #000000;\">C\u2019est ainsi que certaines \u00e2mes d\u00e9cident de ne pas venir. Et malgr\u00e9 tout, elles repr\u00e9sentent un cadeau inestimable car elles nous aident \u00e0 \u00e9voluer et \u00e0 nous mieux conna\u00eetre nous-m\u00eames.<\/span><\/p>\n<\/div>\n<\/div><\/div><div id=\"panel-gb20-6a966d9824c5e-0-0-3\" class=\"so-panel widget widget_sow-headline\" data-index=\"3\" ><div class=\"panel-widget-style panel-widget-style-for-gb20-6a966d9824c5e-0-0-3\" ><div\n\t\t\t\n\t\t\tclass=\"so-widget-sow-headline so-widget-sow-headline-default-aa2e1b7e3571-20 so-widget-fittext-wrapper\"\n\t\t\t data-fit-text-compressor=\"0.85\"\n\t\t><div class=\"sow-headline-container \">\n\t\t\t\t\t\t\t<h2 class=\"sow-headline\">\n\t\t\t\t\t\tTu es aim\u00e9 de tout coeur.\t\t\t\t\t\t<\/h2>\n\t\t\t\t\t\t\t\t\t\t\t\t<h4 class=\"sow-sub-headline\">\n\t\t\t\t\t\tEnvole-toi vers le ciel. Sois libre !\t\t\t\t\t\t<\/h4>\n\t\t\t\t\t\t<\/div>\n<\/div><\/div><\/div><div id=\"panel-gb20-6a966d9824c5e-0-0-4\" class=\"so-panel widget widget_sow-contact-form panel-last-child\" data-index=\"4\" ><div\n\t\t\t\n\t\t\tclass=\"so-widget-sow-contact-form so-widget-sow-contact-form-default-60a432fed9f5-20\"\n\t\t\t\n\t\t><h3 class=\"widget-title\">Pour prendre contact<\/h3>\t<form\n\t\taction=\"\/index.php\/wp-json\/wp\/v2\/pages\/20\"\n\t\tmethod=\"POST\"\n\t\tclass=\"sow-contact-form\"\n\t\tid=\"contact-form-17fd\"\n\t>\n\n\t\t\n\t\t\t\t\t<div class=\"sow-form-field sow-form-field-name\">\n\t\t\t\t<label class=\"sow-form-field-label-above\" for=\"sow-contact-form-field-nom-1\">\n\t\t\t\t<strong>\n\t\t\t\t\tNom\t\t\t\t\t\t\t\t\t<\/strong>\n\t\t\t<\/label>\n\t\t\t\t\t\t\t<div class=\"sow-field-container\">\n\t\t\t\t\t\t\t<input\n\t\t\ttype=\"text\"\n\t\t\tname=\"nom-1\"\n\t\t\tid=\"sow-contact-form-field-nom-1\"\n\t\t\tvalue=\"\"\n\t\t\tclass=\"sow-text-field\"\n\t\t\t\t\t\t\t\t\/>\n\t\t\t\t\t\t<\/div>\n\t\t\t\t\t\t\t<\/div>\n\t\t\t\t\t\t<div class=\"sow-form-field sow-form-field-email\">\n\t\t\t\t<label class=\"sow-form-field-label-above\" for=\"sow-contact-form-field-email-1\">\n\t\t\t\t<strong>\n\t\t\t\t\tEmail\t\t\t\t\t\t\t\t\t<\/strong>\n\t\t\t<\/label>\n\t\t\t\t\t\t\t<div class=\"sow-field-container\">\n\t\t\t\t\t\t\t<input\n\t\t\ttype=\"email\"\n\t\t\tname=\"email-1\"\n\t\t\tid=\"sow-contact-form-field-email-1\"\n\t\t\tvalue=\"\"\n\t\t\tclass=\"sow-text-field\"\t\t\t\t\t\t\t\t\/>\n\t\t\t\t\t\t<\/div>\n\t\t\t\t\t\t\t<\/div>\n\t\t\t\t\t\t<div class=\"sow-form-field sow-form-field-textarea\">\n\t\t\t\t<label class=\"sow-form-field-label-above\" for=\"sow-contact-form-field-message-1\">\n\t\t\t\t<strong>\n\t\t\t\t\tMessage\t\t\t\t\t\t\t\t\t<\/strong>\n\t\t\t<\/label>\n\t\t\t\t\t\t\t<div class=\"sow-field-container\">\n\t\t\t\t\t\t\t<textarea\n\t\t\tname=\"message-1\"\n\t\t\tid=\"sow-contact-form-field-message-1\"\n\t\t\trows=\"10\"\n\t\t\t\t\t\t\t\t><\/textarea>\n\t\t\t\t\t\t<\/div>\n\t\t\t\t\t\t\t<\/div>\n\t\t\t\n\t\t\t\t\t<div class=\"sow-recaptcha\"\n\t\t\t\t\t\t\t\t\tdata-config=\"{&quot;sitekey&quot;:&quot;6LdgCaUUAAAAAF0oq6arfWiSoe6GVeoDJB0GXPBk&quot;,&quot;theme&quot;:&quot;light&quot;,&quot;type&quot;:&quot;image&quot;,&quot;size&quot;:&quot;normal&quot;}\"\n\t\t\t\t\t\t\t><\/div>\n\t\t\t\n\t\t<div class=\"sow-submit-wrapper sow-submit-styled\">\n\n\t\t\t<button\n\t\t\t\ttype=\"submit\"\n\t\t\t\tclass=\"sow-submit\"\n\t\t\t\t\t\t\t>\n\t\t\t\tEnvoyer\t\t\t<\/button>\n\t\t<\/div>\n\t\t\t\t<input\n\t\t\ttype=\"hidden\"\n\t\t\tname=\"instance_hash-1\"\n\t\t\tvalue=\"17fd29f7\"\n\t\t\/>\n\n\t\t<input type=\"hidden\" id=\"_wpnonce\" name=\"_wpnonce\" value=\"fde0a03899\" \/><input type=\"hidden\" name=\"_wp_http_referer\" value=\"\/index.php\/wp-json\/wp\/v2\/pages\/20\" \/>\t<\/form>\n\t<\/div><\/div><\/div><\/div><\/div>\n\n\n<p><\/p>\n","protected":false},"excerpt":{"rendered":"<p>&nbsp; &nbsp; &nbsp; &nbsp; &nbsp; &nbsp; &nbsp; Si la grossesse ne se d\u00e9roule pas comme pr\u00e9vu, &#8230; &nbsp; La perte d\u2019un b\u00e9b\u00e9 est un d\u00e9fi particuli\u00e8rement \u00e9prouvant pour une femme [&hellip;]<\/p>\n","protected":false},"author":1,"featured_media":0,"parent":0,"menu_order":0,"comment_status":"closed","ping_status":"closed","template":"elementor_header_footer","meta":{"footnotes":""},"class_list":["post-20","page","type-page","status-publish","hentry"],"yoast_head":"<!-- This site is optimized with the Yoast SEO plugin v24.9 - https:\/\/yoast.com\/wordpress\/plugins\/seo\/ -->\n<title>Arr\u00eat de grossesse - Adieu conscient<\/title>\n<meta name=\"description\" content=\"Arr\u00eat de grossesse - Accompagnement \u00e9nerg\u00e9tique de petit accouchement, IMG et mort-n\u00e9. Pour que l&#039;\u00e2me puisse s&#039;envoler paisiblement.\" \/>\n<meta name=\"robots\" content=\"index, follow, max-snippet:-1, max-image-preview:large, max-video-preview:-1\" \/>\n<link rel=\"canonical\" href=\"https:\/\/incarnationconsciente.ch\/index.php\/arret-de-grossesse\/\" \/>\n<meta property=\"og:locale\" content=\"fr_FR\" \/>\n<meta property=\"og:type\" content=\"article\" \/>\n<meta property=\"og:title\" content=\"Arr\u00eat de grossesse - Adieu conscient\" \/>\n<meta property=\"og:description\" content=\"Arr\u00eat de grossesse - Accompagnement \u00e9nerg\u00e9tique de petit accouchement, IMG et mort-n\u00e9. Pour que l&#039;\u00e2me puisse s&#039;envoler paisiblement.\" \/>\n<meta property=\"og:url\" content=\"https:\/\/incarnationconsciente.ch\/index.php\/arret-de-grossesse\/\" \/>\n<meta property=\"og:site_name\" content=\"Incarnation consciente\" \/>\n<meta property=\"article:modified_time\" content=\"2023-04-17T14:48:17+00:00\" \/>\n<meta property=\"og:image\" content=\"https:\/\/incarnationconsciente.ch\/wp-content\/uploads\/2022\/11\/IC-arret-grossesse-1024x337.jpg\" \/>\n<meta name=\"twitter:card\" content=\"summary_large_image\" \/>\n<meta name=\"twitter:label1\" content=\"Dur\u00e9e de lecture estim\u00e9e\" \/>\n\t<meta name=\"twitter:data1\" content=\"3 minutes\" \/>\n<script type=\"application\/ld+json\" class=\"yoast-schema-graph\">{\"@context\":\"https:\/\/schema.org\",\"@graph\":[{\"@type\":\"WebPage\",\"@id\":\"https:\/\/incarnationconsciente.ch\/index.php\/arret-de-grossesse\/\",\"url\":\"https:\/\/incarnationconsciente.ch\/index.php\/arret-de-grossesse\/\",\"name\":\"Arr\u00eat de grossesse - Adieu conscient\",\"isPartOf\":{\"@id\":\"https:\/\/incarnationconsciente.ch\/#website\"},\"primaryImageOfPage\":{\"@id\":\"https:\/\/incarnationconsciente.ch\/index.php\/arret-de-grossesse\/#primaryimage\"},\"image\":{\"@id\":\"https:\/\/incarnationconsciente.ch\/index.php\/arret-de-grossesse\/#primaryimage\"},\"thumbnailUrl\":\"https:\/\/incarnationconsciente.ch\/wp-content\/uploads\/2022\/11\/IC-arret-grossesse-1024x337.jpg\",\"datePublished\":\"2019-03-08T09:53:19+00:00\",\"dateModified\":\"2023-04-17T14:48:17+00:00\",\"description\":\"Arr\u00eat de grossesse - Accompagnement \u00e9nerg\u00e9tique de petit accouchement, IMG et mort-n\u00e9. Pour que l'\u00e2me puisse s'envoler paisiblement.\",\"breadcrumb\":{\"@id\":\"https:\/\/incarnationconsciente.ch\/index.php\/arret-de-grossesse\/#breadcrumb\"},\"inLanguage\":\"fr-FR\",\"potentialAction\":[{\"@type\":\"ReadAction\",\"target\":[\"https:\/\/incarnationconsciente.ch\/index.php\/arret-de-grossesse\/\"]}]},{\"@type\":\"ImageObject\",\"inLanguage\":\"fr-FR\",\"@id\":\"https:\/\/incarnationconsciente.ch\/index.php\/arret-de-grossesse\/#primaryimage\",\"url\":\"https:\/\/incarnationconsciente.ch\/wp-content\/uploads\/2022\/11\/IC-arret-grossesse-1024x337.jpg\",\"contentUrl\":\"https:\/\/incarnationconsciente.ch\/wp-content\/uploads\/2022\/11\/IC-arret-grossesse-1024x337.jpg\"},{\"@type\":\"BreadcrumbList\",\"@id\":\"https:\/\/incarnationconsciente.ch\/index.php\/arret-de-grossesse\/#breadcrumb\",\"itemListElement\":[{\"@type\":\"ListItem\",\"position\":1,\"name\":\"Home\",\"item\":\"https:\/\/incarnationconsciente.ch\/\"},{\"@type\":\"ListItem\",\"position\":2,\"name\":\"Arr\u00eat de grossesse\"}]},{\"@type\":\"WebSite\",\"@id\":\"https:\/\/incarnationconsciente.ch\/#website\",\"url\":\"https:\/\/incarnationconsciente.ch\/\",\"name\":\"Incarnation consciente\",\"description\":\"pour un accueil \u00e9veill\u00e9 &amp; une naissance spirituelle respectueuse\",\"potentialAction\":[{\"@type\":\"SearchAction\",\"target\":{\"@type\":\"EntryPoint\",\"urlTemplate\":\"https:\/\/incarnationconsciente.ch\/?s={search_term_string}\"},\"query-input\":{\"@type\":\"PropertyValueSpecification\",\"valueRequired\":true,\"valueName\":\"search_term_string\"}}],\"inLanguage\":\"fr-FR\"}]}<\/script>\n<!-- \/ Yoast SEO plugin. -->","yoast_head_json":{"title":"Arr\u00eat de grossesse - Adieu conscient","description":"Arr\u00eat de grossesse - Accompagnement \u00e9nerg\u00e9tique de petit accouchement, IMG et mort-n\u00e9. Pour que l'\u00e2me puisse s'envoler paisiblement.","robots":{"index":"index","follow":"follow","max-snippet":"max-snippet:-1","max-image-preview":"max-image-preview:large","max-video-preview":"max-video-preview:-1"},"canonical":"https:\/\/incarnationconsciente.ch\/index.php\/arret-de-grossesse\/","og_locale":"fr_FR","og_type":"article","og_title":"Arr\u00eat de grossesse - Adieu conscient","og_description":"Arr\u00eat de grossesse - Accompagnement \u00e9nerg\u00e9tique de petit accouchement, IMG et mort-n\u00e9. Pour que l'\u00e2me puisse s'envoler paisiblement.","og_url":"https:\/\/incarnationconsciente.ch\/index.php\/arret-de-grossesse\/","og_site_name":"Incarnation consciente","article_modified_time":"2023-04-17T14:48:17+00:00","og_image":[{"url":"https:\/\/incarnationconsciente.ch\/wp-content\/uploads\/2022\/11\/IC-arret-grossesse-1024x337.jpg","type":"","width":"","height":""}],"twitter_card":"summary_large_image","twitter_misc":{"Dur\u00e9e de lecture estim\u00e9e":"3 minutes"},"schema":{"@context":"https:\/\/schema.org","@graph":[{"@type":"WebPage","@id":"https:\/\/incarnationconsciente.ch\/index.php\/arret-de-grossesse\/","url":"https:\/\/incarnationconsciente.ch\/index.php\/arret-de-grossesse\/","name":"Arr\u00eat de grossesse - Adieu conscient","isPartOf":{"@id":"https:\/\/incarnationconsciente.ch\/#website"},"primaryImageOfPage":{"@id":"https:\/\/incarnationconsciente.ch\/index.php\/arret-de-grossesse\/#primaryimage"},"image":{"@id":"https:\/\/incarnationconsciente.ch\/index.php\/arret-de-grossesse\/#primaryimage"},"thumbnailUrl":"https:\/\/incarnationconsciente.ch\/wp-content\/uploads\/2022\/11\/IC-arret-grossesse-1024x337.jpg","datePublished":"2019-03-08T09:53:19+00:00","dateModified":"2023-04-17T14:48:17+00:00","description":"Arr\u00eat de grossesse - Accompagnement \u00e9nerg\u00e9tique de petit accouchement, IMG et mort-n\u00e9. Pour que l'\u00e2me puisse s'envoler paisiblement.","breadcrumb":{"@id":"https:\/\/incarnationconsciente.ch\/index.php\/arret-de-grossesse\/#breadcrumb"},"inLanguage":"fr-FR","potentialAction":[{"@type":"ReadAction","target":["https:\/\/incarnationconsciente.ch\/index.php\/arret-de-grossesse\/"]}]},{"@type":"ImageObject","inLanguage":"fr-FR","@id":"https:\/\/incarnationconsciente.ch\/index.php\/arret-de-grossesse\/#primaryimage","url":"https:\/\/incarnationconsciente.ch\/wp-content\/uploads\/2022\/11\/IC-arret-grossesse-1024x337.jpg","contentUrl":"https:\/\/incarnationconsciente.ch\/wp-content\/uploads\/2022\/11\/IC-arret-grossesse-1024x337.jpg"},{"@type":"BreadcrumbList","@id":"https:\/\/incarnationconsciente.ch\/index.php\/arret-de-grossesse\/#breadcrumb","itemListElement":[{"@type":"ListItem","position":1,"name":"Home","item":"https:\/\/incarnationconsciente.ch\/"},{"@type":"ListItem","position":2,"name":"Arr\u00eat de grossesse"}]},{"@type":"WebSite","@id":"https:\/\/incarnationconsciente.ch\/#website","url":"https:\/\/incarnationconsciente.ch\/","name":"Incarnation consciente","description":"pour un accueil \u00e9veill\u00e9 &amp; une naissance spirituelle respectueuse","potentialAction":[{"@type":"SearchAction","target":{"@type":"EntryPoint","urlTemplate":"https:\/\/incarnationconsciente.ch\/?s={search_term_string}"},"query-input":{"@type":"PropertyValueSpecification","valueRequired":true,"valueName":"search_term_string"}}],"inLanguage":"fr-FR"}]}},"_links":{"self":[{"href":"https:\/\/incarnationconsciente.ch\/index.php\/wp-json\/wp\/v2\/pages\/20","targetHints":{"allow":["GET"]}}],"collection":[{"href":"https:\/\/incarnationconsciente.ch\/index.php\/wp-json\/wp\/v2\/pages"}],"about":[{"href":"https:\/\/incarnationconsciente.ch\/index.php\/wp-json\/wp\/v2\/types\/page"}],"author":[{"embeddable":true,"href":"https:\/\/incarnationconsciente.ch\/index.php\/wp-json\/wp\/v2\/users\/1"}],"replies":[{"embeddable":true,"href":"https:\/\/incarnationconsciente.ch\/index.php\/wp-json\/wp\/v2\/comments?post=20"}],"version-history":[{"count":109,"href":"https:\/\/incarnationconsciente.ch\/index.php\/wp-json\/wp\/v2\/pages\/20\/revisions"}],"predecessor-version":[{"id":7134,"href":"https:\/\/incarnationconsciente.ch\/index.php\/wp-json\/wp\/v2\/pages\/20\/revisions\/7134"}],"wp:attachment":[{"href":"https:\/\/incarnationconsciente.ch\/index.php\/wp-json\/wp\/v2\/media?parent=20"}],"curies":[{"name":"wp","href":"https:\/\/api.w.org\/{rel}","templated":true}]}}