{"id":16,"date":"2019-03-08T09:53:19","date_gmt":"2019-03-08T09:53:19","guid":{"rendered":"https:\/\/incarnationconsciente.ch\/?page_id=16"},"modified":"2024-02-08T15:56:02","modified_gmt":"2024-02-08T15:56:02","slug":"conception-consciente","status":"publish","type":"page","link":"https:\/\/incarnationconsciente.ch\/index.php\/conception-consciente\/","title":{"rendered":"Conception"},"content":{"rendered":"<div id=\"pl-gb16-6a966d95c677f\"  class=\"panel-layout\" ><div id=\"pg-gb16-6a966d95c677f-0\"  class=\"panel-grid panel-no-style\" ><div id=\"pgc-gb16-6a966d95c677f-0-0\"  class=\"panel-grid-cell\" ><div id=\"panel-gb16-6a966d95c677f-0-0-0\" class=\"so-panel widget widget_text panel-first-child\" data-index=\"0\" ><div class=\"so-parallax panel-widget-style panel-widget-style-for-gb16-6a966d95c677f-0-0-0\" ><img fetchpriority=\"high\" decoding=\"async\" width=\"1688\" height=\"1125\" src=\"https:\/\/incarnationconsciente.ch\/wp-content\/uploads\/2022\/11\/IC_conception-consciente.jpg\" class=\"attachment-full size-full\" alt=\"conception consciente pr\u00e9paration \u00e0 la grossesse\" data-siteorigin-parallax=\"true\" loading=\"eager\" srcset=\"https:\/\/incarnationconsciente.ch\/wp-content\/uploads\/2022\/11\/IC_conception-consciente.jpg 1688w, https:\/\/incarnationconsciente.ch\/wp-content\/uploads\/2022\/11\/IC_conception-consciente-300x200.jpg 300w, https:\/\/incarnationconsciente.ch\/wp-content\/uploads\/2022\/11\/IC_conception-consciente-1024x682.jpg 1024w, https:\/\/incarnationconsciente.ch\/wp-content\/uploads\/2022\/11\/IC_conception-consciente-768x512.jpg 768w, https:\/\/incarnationconsciente.ch\/wp-content\/uploads\/2022\/11\/IC_conception-consciente-1536x1024.jpg 1536w, https:\/\/incarnationconsciente.ch\/wp-content\/uploads\/2022\/11\/IC_conception-consciente-750x500.jpg 750w, https:\/\/incarnationconsciente.ch\/wp-content\/uploads\/2022\/11\/IC_conception-consciente-400x267.jpg 400w, https:\/\/incarnationconsciente.ch\/wp-content\/uploads\/2022\/11\/IC_conception-consciente-430x287.jpg 430w, https:\/\/incarnationconsciente.ch\/wp-content\/uploads\/2022\/11\/IC_conception-consciente-150x100.jpg 150w, https:\/\/incarnationconsciente.ch\/wp-content\/uploads\/2022\/11\/IC_conception-consciente-100x67.jpg 100w, https:\/\/incarnationconsciente.ch\/wp-content\/uploads\/2022\/11\/IC_conception-consciente-272x182.jpg 272w\" sizes=\"(max-width: 1688px) 100vw, 1688px\" \/>\t\t\t<div class=\"textwidget\"><p>&nbsp;<\/p>\n<p>&nbsp;<\/p>\n<p>&nbsp;<\/p>\n<p>&nbsp;<\/p>\n<p>&nbsp;<\/p>\n<p>&nbsp;<\/p>\n<p>&nbsp;<\/p>\n<\/div>\n\t\t<\/div><\/div><div id=\"panel-gb16-6a966d95c677f-0-0-1\" class=\"so-panel widget widget_sow-headline\" data-index=\"1\" ><div class=\"panel-widget-style panel-widget-style-for-gb16-6a966d95c677f-0-0-1\" ><div\n\t\t\t\n\t\t\tclass=\"so-widget-sow-headline so-widget-sow-headline-default-ab5b2d9cb511-16 so-widget-fittext-wrapper\"\n\t\t\t data-fit-text-compressor=\"\"\n\t\t><div class=\"sow-headline-container \">\n\t\t\t\t\t\t\t<h2 class=\"sow-headline\">\n\t\t\t\t\t\tLe fondement de toute vie humaine est d\u00e9termin\u00e9 par ses parents\t\t\t\t\t\t<\/h2>\n\t\t\t\t\t\t\t\t\t\t\t\t<h5 class=\"sow-sub-headline\">\n\t\t\t\t\t\t\u2013 et ceci d\u00e9j\u00e0 bien avant la conception.\t\t\t\t\t\t<\/h5>\n\t\t\t\t\t\t\t\t\t\t\t<div class=\"decoration\">\n\t\t\t\t\t\t<div class=\"decoration-inside\"><\/div>\n\t\t\t\t\t<\/div>\n\t\t\t\t\t<\/div>\n<\/div><\/div><\/div><div id=\"panel-gb16-6a966d95c677f-0-0-2\" class=\"so-panel widget widget_sow-editor\" data-index=\"2\" ><div class=\"panel-widget-style panel-widget-style-for-gb16-6a966d95c677f-0-0-2\" ><div\n\t\t\t\n\t\t\tclass=\"so-widget-sow-editor so-widget-sow-editor-base\"\n\t\t\t\n\t\t>\n<div class=\"siteorigin-widget-tinymce textwidget\">\n\t<p>Notre <strong>mode de vie<\/strong>, notre <strong>alimentation<\/strong>, la relation de <strong>couple<\/strong> ainsi que notre pass\u00e9 jusqu&rsquo;aux v\u00e9cus de nos anc\u00eatres ont une influence sur nos ovules et le sperme de notre partenaire. Les conditions de notre vie et l&rsquo;influence de l&rsquo;environnement affectent la vitalit\u00e9 de ceux-ci et d\u00e9cident quels g\u00e8nes se manifesteront, s&rsquo;activent ou seront inhib\u00e9s, voire d\u00e9sactiv\u00e9s.<\/p>\n<p>&nbsp;<\/p>\n<p>Actuellement, nous vivons dans une soci\u00e9t\u00e9 hyper-industrialis\u00e9e qui se d\u00e9veloppe toujours plus vite et qui comprend des <strong>sollicitations \u00e0 la fois visibles et invisibles<\/strong> (ondes \u00e9lectro-magn\u00e9tiques, rayonnement des t\u00e9l\u00e9phones mobiles, radiation du ..-4-5G, Wifi, Bluetooth et +), \u00e0 des lieues d&rsquo;un rapport saine \u00e0 notre environnement naturel.<\/p>\n<p>Le stress imputable \u00e0 un surcro\u00eet d&rsquo;information entrave entre autres les organes de reproduction chez l&rsquo;homme et la femme, et est, ensemble avec des pathologies, toxines, bact\u00e9ries &#8211; soient-ils nouvellement ing\u00e9rer (air, eau et nourriture pollu\u00e9s) ou tacitement transmis d&rsquo;une g\u00e9n\u00e9ration \u00e0 l&rsquo;autre -, susceptible d&rsquo;entrainer toutes sortes de probl\u00e8mes physiques ainsi que des perturbations psychologiques. Et celui-ci autant chez les futures parents qu&rsquo;ensuite chez l&rsquo;enfant-\u00e0-venir.<\/p>\n<p>&nbsp;<\/p>\n<p>D&rsquo;un point de vue \u00e9nerg\u00e9tico-spirituel, nos corps \u00e9nerg\u00e9tiques, qui sont teint\u00e9s par nos croyances, nos \u00e9motions, ainsi que des v\u00e9cus non-g\u00e9r\u00e9s du pass\u00e9 &#8211; soient-ils de cette vie, de nos familles ou des vies ant\u00e9rieures &#8211; forment la moule dans laquelle le nouvel \u00eatre sera con\u00e7u et grandira.<\/p>\n<p>&nbsp;<\/p>\n<p><strong>Pour ne plus transmettre les charges<\/strong> &#8211; connus ou inconnus &#8211; \u00e0 la future generation, tu es invit\u00e9 \u00e0 ouvrir ton horizon et ne te pr\u00e9parer qu&rsquo;uniquement \u00e0 l&rsquo;accouchement, mais d\u00e9j\u00e0 consciemment &#8211; \u00a0avant la conception &#8211; \u00e0 la grossesse.<\/p>\n<p>&nbsp;<\/p>\n<\/div>\n<\/div><\/div><\/div><div id=\"panel-gb16-6a966d95c677f-0-0-3\" class=\"so-panel widget widget_sow-editor\" data-index=\"3\" ><div class=\"panel-widget-style panel-widget-style-for-gb16-6a966d95c677f-0-0-3\" ><div\n\t\t\t\n\t\t\tclass=\"so-widget-sow-editor so-widget-sow-editor-base\"\n\t\t\t\n\t\t>\n<div class=\"siteorigin-widget-tinymce textwidget\">\n\t<p style=\"text-align: center;\">De cette fa\u00e7on tu ..<\/p>\n<p>&nbsp;<\/p>\n<p style=\"text-align: center;\"><strong>.. offres les meilleures bases possibles \u00e0 votre future enfant.<\/strong><\/p>\n<p style=\"text-align: center;\"><strong>.. permets au corps du b\u00e9b\u00e9 de grandir en meilleure sant\u00e9.<\/strong><\/p>\n<p style=\"text-align: center;\"><strong>.. accueilles l&rsquo;\u00e2me-\u00e0-venir dans le respect et l&rsquo;amour.<\/strong><\/p>\n<p>&nbsp;<\/p>\n<\/div>\n<\/div><\/div><\/div><div id=\"panel-gb16-6a966d95c677f-0-0-4\" class=\"so-panel widget widget_sow-headline\" data-index=\"4\" ><div class=\"panel-widget-style panel-widget-style-for-gb16-6a966d95c677f-0-0-4\" ><div\n\t\t\t\n\t\t\tclass=\"so-widget-sow-headline so-widget-sow-headline-default-e17ba7090eff-16 so-widget-fittext-wrapper\"\n\t\t\t data-fit-text-compressor=\"\"\n\t\t><div class=\"sow-headline-container \">\n\t\t\t\t\t\t\t<h2 class=\"sow-headline\">\n\t\t\t\t\t\tDe quel genre de pr\u00e9paration s&rsquo;agit-il ?\t\t\t\t\t\t<\/h2>\n\t\t\t\t\t\t<\/div>\n<\/div><\/div><\/div><div id=\"panel-gb16-6a966d95c677f-0-0-5\" class=\"so-panel widget widget_sow-editor\" data-index=\"5\" ><div class=\"panel-widget-style panel-widget-style-for-gb16-6a966d95c677f-0-0-5\" ><div\n\t\t\t\n\t\t\tclass=\"so-widget-sow-editor so-widget-sow-editor-base\"\n\t\t\t\n\t\t>\n<div class=\"siteorigin-widget-tinymce textwidget\">\n\t<p><center>Une pr\u00e9paration consciente s&rsquo;\u00e9tale sur tous les corps de notre \u00eatre,<\/center><\/p>\n<h5 style=\"text-align: center;\">&#8211; le Physique &#8211; l&rsquo;\u00c9motionnel &#8211; le Mental &#8211; l&rsquo;\u00c9nerg\u00e9tique &#8211; le Spirituel &#8211;<\/h5>\n<p><center>et touchent tous les aspects de notre vie.\u00a0<\/center><\/p>\n<div><center>Chaque niveau est li\u00e9 et influence l&rsquo;enfant-\u00e0-venir \u00e0 sa fa\u00e7on.<\/center><\/div>\n<\/div>\n<\/div><\/div><\/div><div id=\"panel-gb16-6a966d95c677f-0-0-6\" class=\"so-panel widget widget_sow-features\" data-index=\"6\" ><div class=\"panel-widget-style panel-widget-style-for-gb16-6a966d95c677f-0-0-6\" ><div\n\t\t\t\n\t\t\tclass=\"so-widget-sow-features so-widget-sow-features-default-669c152bb069-16\"\n\t\t\t\n\t\t>\n<div class=\"sow-features-list sow-features-responsive\">\n\n\t\t\t\t\t\t\t\t\t<div\n\t\t\t\tclass=\"sow-features-feature sow-icon-container-position-top\"\n\t\t\t\tstyle=\"display: flex; flex-direction: column; width: calc(33.333% - 25px);\"\n\t\t\t>\n\t\t\t\n\t\t\t\t\t\t\t\t<div\n\t\t\t\t\tclass=\"sow-icon-container sow-container-round\"\n\t\t\t\t\tstyle=\"color: #a30000; \"\n\t\t\t\t\t\t\t\t\t>\n\t\t\t\t\t<span class=\"sow-icon-elegantline\" data-sow-icon=\"&#xe041;\"\n\t\tstyle=\"font-size: 42%; color: #ffffff\" \n\t\taria-hidden=\"true\"><\/span>\t\t\t\t<\/div>\n\t\t\t\t\n\t\t\t\t<div class=\"textwidget\">\n\t\t\t\t\t\n\t\t\t\t\t\t\t\t\t\t\t<h5 class=\"sow-features-feature-title\">\n\t\t\t\t\t\t\t\n\t\t\t\t\t\t\tLe CORPS\t\t\t\t\t\t\t\t\t\t\t\t\t<\/h5>\n\t\t\t\t\t\n\t\t\t\t\t\t\t\t\t\t\t<div class=\"sow-features-feature-text\">\n\t\t\t\t\t\t<div class=\"page\" title=\"Page 2\">\n<div class=\"section\">\n<div class=\"layoutArea\">\n<div class=\"column\">\n<p style=\"text-align: left\">En tant que futurs parents, vous \u00eates appel\u00e9s ..<\/p>\n<ul>\n<li style=\"text-align: left\">\u00e0 d\u00e9toxiquer et fortifier votre corps avec des cures, herbes, massages, bains, exercices, &#8230;<\/li>\n<li style=\"text-align: left\">\u00e0 changer votre alimentation \u00e0 \u00eatre plus saine et vibrante.<\/li>\n<li style=\"text-align: left\">\u00e0 trouver un style de vie plus conscient et \u00e9quilibr\u00e9.<\/li>\n<li style=\"text-align: left\">\u00e0 r\u00e9duire l&rsquo;exposition aux ondes \u00e9lectro-magn\u00e9tiques, toxines et autres perturbateurs endocriniens \u00e0 un minimum.<\/li>\n<\/ul>\n<p style=\"text-align: left\">En tant que future m\u00e8re, tu peux pr\u00e9parer ton corps en ..<\/p>\n<ul>\n<li style=\"text-align: left\">te mettant de plus en plus \u00e0 son \u00e9coute et suivant ses besoins.<\/li>\n<li style=\"text-align: left\">fortifiant ton cycle par des m\u00e9langes de tisanes &lsquo;sp\u00e9ciale femme&rsquo; et des rem\u00e8des naturels.<\/li>\n<li style=\"text-align: left\">pratiquant &lsquo;Cycle Awareness&rsquo;.<\/li>\n<\/ul>\n<\/div>\n<\/div>\n<\/div>\n<\/div>\n\t\t\t\t\t\t<\/div>\n\t\t\t\t\t\n\t\t\t\t\t\t\t\t\t<\/div>\n\t\t\t\t\t\t\t\t\n\t\t\t\t\t\t\t<\/div>\n\n\t\t\t\t\t\t\t\t<div\n\t\t\t\tclass=\"sow-features-feature sow-icon-container-position-top\"\n\t\t\t\tstyle=\"display: flex; flex-direction: column; width: calc(33.333% - 25px);\"\n\t\t\t>\n\t\t\t\n\t\t\t\t\t\t\t\t<div\n\t\t\t\t\tclass=\"sow-icon-container sow-container-round\"\n\t\t\t\t\tstyle=\"color: #4296a3; \"\n\t\t\t\t\t\t\t\t\t>\n\t\t\t\t\t<span class=\"sow-icon-elegantline\" data-sow-icon=\"&#xe04c;\"\n\t\tstyle=\"font-size: 42%; color: #ffffff\" \n\t\taria-hidden=\"true\"><\/span>\t\t\t\t<\/div>\n\t\t\t\t\n\t\t\t\t<div class=\"textwidget\">\n\t\t\t\t\t\n\t\t\t\t\t\t\t\t\t\t\t<h5 class=\"sow-features-feature-title\">\n\t\t\t\t\t\t\t\n\t\t\t\t\t\t\tL&rsquo;\u00c9MOTIONNEL\t\t\t\t\t\t\t\t\t\t\t\t\t<\/h5>\n\t\t\t\t\t\n\t\t\t\t\t\t\t\t\t\t\t<div class=\"sow-features-feature-text\">\n\t\t\t\t\t\t<div class=\"page\" title=\"Page 2\">\n<div class=\"section\">\n<div class=\"layoutArea\">\n<div class=\"column\">\n<p style=\"text-align: left\">En tant que futur p\u00e8re\/m\u00e8re, vous \u00eates, tous les deux, invit\u00e9s \u00e0 ..<\/p>\n<ul>\n<li style=\"text-align: left\">faire des recherches sur la fa\u00e7on dont vous \u00eates n\u00e9s et quels r\u00e9sidus \u00e9motionnels subsistent encore en vous.<\/li>\n<li style=\"text-align: left\">lib\u00e9rer les angoisses, la souffrance et le stress des grossesses pr\u00e9c\u00e9dentes. Peut-\u00eatre il y a encore les deuils inachev\u00e9s d&rsquo;avoir perdu un enfant, que ce soit une exp\u00e9rience personnelle ou une m\u00e9moire dans la famille plus large.<\/li>\n<li style=\"text-align: left\">\u00eatre sinc\u00e8re \u00e0 vos \u00e9motions et en parler.<\/li>\n<li style=\"text-align: left\">pratiquer &lsquo;Emotional Awareness&rsquo;.<\/li>\n<li style=\"list-style-type: none\"><\/li>\n<\/ul>\n<\/div>\n<\/div>\n<\/div>\n<\/div>\n\t\t\t\t\t\t<\/div>\n\t\t\t\t\t\n\t\t\t\t\t\t\t\t\t<\/div>\n\t\t\t\t\t\t\t\t\n\t\t\t\t\t\t\t<\/div>\n\n\t\t\t\t\t\t\t\t<div\n\t\t\t\tclass=\"sow-features-feature sow-icon-container-position-top\"\n\t\t\t\tstyle=\"display: flex; flex-direction: column; width: calc(33.333% - 25px);\"\n\t\t\t>\n\t\t\t\n\t\t\t\t\t\t\t\t<div\n\t\t\t\t\tclass=\"sow-icon-container sow-container-round\"\n\t\t\t\t\tstyle=\"color: #9358a0; \"\n\t\t\t\t\t\t\t\t\t>\n\t\t\t\t\t<span class=\"sow-icon-elegantline\" data-sow-icon=\"&#xe049;\"\n\t\tstyle=\"font-size: 42%; color: #FFFFFF\" \n\t\taria-hidden=\"true\"><\/span>\t\t\t\t<\/div>\n\t\t\t\t\n\t\t\t\t<div class=\"textwidget\">\n\t\t\t\t\t\n\t\t\t\t\t\t\t\t\t\t\t<h5 class=\"sow-features-feature-title\">\n\t\t\t\t\t\t\t\n\t\t\t\t\t\t\tLe MENTAL\t\t\t\t\t\t\t\t\t\t\t\t\t<\/h5>\n\t\t\t\t\t\n\t\t\t\t\t\t\t\t\t\t\t<div class=\"sow-features-feature-text\">\n\t\t\t\t\t\t<div class=\"page\" title=\"Page 3\">\n<div class=\"section\">\n<div class=\"layoutArea\">\n<div class=\"column\">\n<p style=\"text-align: left\">En tant que couple\u00a0discutez ouvertement :<\/p>\n<ul>\n<li style=\"text-align: left\">Pourquoi souhaitez-vous concevoir un enfant ? Suivez-vous \u00e0 l&rsquo;aveuglette une pression ext\u00e9rieure ou est-ce votre d\u00e9sir profond ? Soyez honn\u00eate avec vous-m\u00eame.<\/li>\n<li>\n<p style=\"text-align: left\">Pensez aux cons\u00e9quences que cela aura sur votre vie professionnelle. \u00cates-vous pr\u00eats \u00e0 l&rsquo;adapter et faire place \u00e0 l&rsquo;arch\u00e9type du parent ?<\/p>\n<\/li>\n<li>\n<p style=\"text-align: left\">Quelles sont vos croyances quant au r\u00f4le de la m\u00e8re\/du p\u00e8re ? Sont-elles les v\u00f4tres &#8211; valides, r\u00e9alistes et saines &#8211; ou les m\u00e9moires obsoletes de votre famille ou la soci\u00e9t\u00e9 ?<\/p>\n<\/li>\n<\/ul>\n<p style=\"text-align: left\">Triez les pens\u00e9es n\u00e9gatives et limitantes. Pratiquez &lsquo;Mental Awareness&rsquo;.<\/p>\n<\/div>\n<\/div>\n<\/div>\n<\/div>\n\t\t\t\t\t\t<\/div>\n\t\t\t\t\t\n\t\t\t\t\t\t\t\t\t<\/div>\n\t\t\t\t\t\t\t\t\n\t\t\t\t\t\t\t<\/div>\n\n\t\t\t\n<\/div>\n<\/div><\/div><\/div><div id=\"panel-gb16-6a966d95c677f-0-0-7\" class=\"so-panel widget widget_sow-features\" data-index=\"7\" ><div class=\"panel-widget-style panel-widget-style-for-gb16-6a966d95c677f-0-0-7\" ><div\n\t\t\t\n\t\t\tclass=\"so-widget-sow-features so-widget-sow-features-default-a6b6e1ea65ac-16\"\n\t\t\t\n\t\t>\n<div class=\"sow-features-list sow-features-responsive\">\n\n\t\t\t\t\t\t\t\t\t<div\n\t\t\t\tclass=\"sow-features-feature sow-icon-container-position-top\"\n\t\t\t\tstyle=\"display: flex; flex-direction: column; width: calc(50% - 25px);\"\n\t\t\t>\n\t\t\t\n\t\t\t\t\t\t\t\t<div\n\t\t\t\t\tclass=\"sow-icon-container sow-container-round\"\n\t\t\t\t\tstyle=\"color: #23204a; \"\n\t\t\t\t\t\t\t\t\t>\n\t\t\t\t\t<span class=\"sow-icon-elegantline\" data-sow-icon=\"&#xe04a;\"\n\t\tstyle=\"font-size: 42%; color: #FFFFFF\" \n\t\taria-hidden=\"true\"><\/span>\t\t\t\t<\/div>\n\t\t\t\t\n\t\t\t\t<div class=\"textwidget\">\n\t\t\t\t\t\n\t\t\t\t\t\t\t\t\t\t\t<h5 class=\"sow-features-feature-title\">\n\t\t\t\t\t\t\t\n\t\t\t\t\t\t\tL&rsquo;\u00c9NERG\u00c9TIQUE\t\t\t\t\t\t\t\t\t\t\t\t\t<\/h5>\n\t\t\t\t\t\n\t\t\t\t\t\t\t\t\t\t\t<div class=\"sow-features-feature-text\">\n\t\t\t\t\t\t<p style=\"text-align: left\">Invitation \u00e0 une hygi\u00e8ne \u00e9nerg\u00e9tique :<\/p>\n<div class=\"page\" title=\"Page 3\">\n<div class=\"section\">\n<div class=\"layoutArea\">\n<div class=\"column\">\n<ul>\n<li>\n<p style=\"text-align: left\">Quels lieux et personnes te soutiennent ? Lesquels bouffent ton \u00e9nergie ? Choisis consciemment o\u00f9 et avec qui tu veux passer ton temps.<\/p>\n<\/li>\n<li>\n<p style=\"text-align: left\">Lib\u00e8re tes champs \u00e9nerg\u00e9tiques des anciens fardeaux et garde-les propres et dynamiques. Renforce ton aura par les soins \u00e9nerg\u00e9tiques, la respiration consciente, la m\u00e9ditation, le yoga, la danse, l&rsquo;art-th\u00e9rapie, le chant intuitif, les promenades dans la nature, &#8230; et r\u00e9duis autant que possible l&rsquo;exposition \u00e0 la pollution \u00e9lectromagn\u00e9tique.<\/p>\n<\/li>\n<li>\n<p style=\"text-align: left\">R\u00e9-connecte-toi \u00e0 tes qualit\u00e9s f\u00e9minines : Pratique la relaxation, le ne-rien-faire, le simplement-\u00eatre, le vide, d&rsquo;\u00eatre en silence, .. ce qui va augmenter ta capacit\u00e9 de recevoir. Idem pour ton partenaire. Ceci vous permet \u00e0 \u00eatre plus en contact avec votre corps et vos \u00e9motions, ainsi que vous ouvre le canal pour communiquer plus tard avec l&rsquo;\u00e2me du b\u00e9b\u00e9.<\/p>\n<div class=\"page\" title=\"Page 3\">\n<div class=\"section\"><\/div>\n<\/div>\n<div class=\"page\" title=\"Page 4\">\n<div class=\"section\"><\/div>\n<\/div>\n<\/li>\n<\/ul>\n<\/div>\n<\/div>\n<\/div>\n<\/div>\n\t\t\t\t\t\t<\/div>\n\t\t\t\t\t\n\t\t\t\t\t\t\t\t\t<\/div>\n\t\t\t\t\t\t\t\t\n\t\t\t\t\t\t\t<\/div>\n\n\t\t\t\t\t\t\t\t<div\n\t\t\t\tclass=\"sow-features-feature sow-icon-container-position-top\"\n\t\t\t\tstyle=\"display: flex; flex-direction: column; width: calc(50% - 25px);\"\n\t\t\t>\n\t\t\t\n\t\t\t\t\t\t\t\t<div\n\t\t\t\t\tclass=\"sow-icon-container sow-container-round\"\n\t\t\t\t\tstyle=\"color: #6d0644; \"\n\t\t\t\t\t\t\t\t\t>\n\t\t\t\t\t<span class=\"sow-icon-elegantline\" data-sow-icon=\"&#xe056;\"\n\t\tstyle=\"font-size: 42%; color: #FFFFFF\" \n\t\taria-hidden=\"true\"><\/span>\t\t\t\t<\/div>\n\t\t\t\t\n\t\t\t\t<div class=\"textwidget\">\n\t\t\t\t\t\n\t\t\t\t\t\t\t\t\t\t\t<h5 class=\"sow-features-feature-title\">\n\t\t\t\t\t\t\t\n\t\t\t\t\t\t\tLe SPIRITUEL\t\t\t\t\t\t\t\t\t\t\t\t\t<\/h5>\n\t\t\t\t\t\n\t\t\t\t\t\t\t\t\t\t\t<div class=\"sow-features-feature-text\">\n\t\t\t\t\t\t<div class=\"page\" title=\"Page 3\">\n<div class=\"section\">\n<div class=\"layoutArea\">\n<div class=\"column\">\n<p style=\"text-align: left\">Cr\u00e9ation d&rsquo;un espace sacr\u00e9 pour signaler au monde spirituel votre disposition \u00e0 devenir parents :<\/p>\n<ul>\n<li>\n<p style=\"text-align: left\">Trouvez un rituel, lorsque vous parlez ou r\u00eavez de votre futur enfant. Sachiez qu&rsquo;une ou plusieurs \u00e2mes sont d\u00e9j\u00e0 autour de vous, vous entendent et sont peut-\u00eatre pr\u00eates \u00e0 vous transmettre des petits messages. La relation entre vous et votre enfant-\u00e0-venir commence d\u00e9j\u00e0 maintenant ! Vous pouvez allumer une bougie, d\u00e9corez un coin sp\u00e9cifique de votre maison ou prenez des notes, photos, dessins, etc. dans un journal d\u00e9di\u00e9 \u00e0 l&rsquo;aventure de devenir m\u00e8re\/p\u00e8re. De cette fa\u00e7on, vous communiquez clairement \u00e0 l&rsquo;Univers que vous \u00eates pr\u00eats et l&rsquo;\u00e2me-\u00e0-venir sera bien accueillie. Elle dispose d\u00e9j\u00e0 d&rsquo;un v\u00e9ritable espace dans votre c\u0153ur et chez vous, avant m\u00eame d&rsquo;avoir \u00e9t\u00e9 con\u00e7ue.<\/p>\n<\/li>\n<\/ul>\n<\/div>\n<\/div>\n<\/div>\n<\/div>\n\t\t\t\t\t\t<\/div>\n\t\t\t\t\t\n\t\t\t\t\t\t\t\t\t<\/div>\n\t\t\t\t\t\t\t\t\n\t\t\t\t\t\t\t<\/div>\n\n\t\t\t\n<\/div>\n<\/div><\/div><\/div><div id=\"panel-gb16-6a966d95c677f-0-0-8\" class=\"so-panel widget widget_text\" data-index=\"8\" >\t\t\t<div class=\"textwidget\"><p>Pour approfondir le sujet, regarde aussi la vid\u00e9o :\u00a0<a href=\"https:\/\/incarnationconsciente.ch\/index.php\/2022\/12\/01\/desir-denfant-reve-ou-cauchemar\/\" target=\"_blank\" rel=\"noopener\">D\u00e9sir d&rsquo;enfant, r\u00eave ou cauchemar ?<\/a>. Quand le d\u00e9sir de grossesse devient un fardeau ou \u00e0 quoi il faut penser lors de la pr\u00e9paration \u00e0 une grossesse d&rsquo;un point de vue m\u00e9dical et \u00e9nerg\u00e9tique.<\/p>\n<p>&nbsp;<\/p>\n<p><img decoding=\"async\" class=\"aligncenter wp-image-6372\" src=\"https:\/\/incarnationconsciente.ch\/wp-content\/uploads\/2022\/11\/IC_conception-start-of-life.jpg\" alt=\"conception consciente d\u00e9but de vie humain\" width=\"400\" height=\"87\" srcset=\"https:\/\/incarnationconsciente.ch\/wp-content\/uploads\/2022\/11\/IC_conception-start-of-life.jpg 772w, https:\/\/incarnationconsciente.ch\/wp-content\/uploads\/2022\/11\/IC_conception-start-of-life-300x65.jpg 300w, https:\/\/incarnationconsciente.ch\/wp-content\/uploads\/2022\/11\/IC_conception-start-of-life-768x166.jpg 768w, https:\/\/incarnationconsciente.ch\/wp-content\/uploads\/2022\/11\/IC_conception-start-of-life-750x162.jpg 750w, https:\/\/incarnationconsciente.ch\/wp-content\/uploads\/2022\/11\/IC_conception-start-of-life-400x87.jpg 400w, https:\/\/incarnationconsciente.ch\/wp-content\/uploads\/2022\/11\/IC_conception-start-of-life-430x93.jpg 430w, https:\/\/incarnationconsciente.ch\/wp-content\/uploads\/2022\/11\/IC_conception-start-of-life-150x32.jpg 150w, https:\/\/incarnationconsciente.ch\/wp-content\/uploads\/2022\/11\/IC_conception-start-of-life-100x22.jpg 100w\" sizes=\"(max-width: 400px) 100vw, 400px\" \/><\/p>\n<p>&nbsp;<\/p>\n<p>&nbsp;<\/p>\n<\/div>\n\t\t<\/div><div id=\"panel-gb16-6a966d95c677f-0-0-9\" class=\"so-panel widget widget_sow-headline\" data-index=\"9\" ><div class=\"panel-widget-style panel-widget-style-for-gb16-6a966d95c677f-0-0-9\" ><div\n\t\t\t\n\t\t\tclass=\"so-widget-sow-headline so-widget-sow-headline-default-ba0817903d5b-16 so-widget-fittext-wrapper\"\n\t\t\t data-fit-text-compressor=\"\"\n\t\t><div class=\"sow-headline-container \">\n\t\t\t\t\t\t\t<h2 class=\"sow-headline\">\n\t\t\t\t\t\tAs-tu envie de te pr\u00e9parer plus profond\u00e9ment \t\t\t\t\t\t<\/h2>\n\t\t\t\t\t\t\t\t\t\t\t\t<h3 class=\"sow-sub-headline\">\n\t\t\t\t\t\tet d&rsquo;\u00eatre accompagn\u00e9 ?\t\t\t\t\t\t<\/h3>\n\t\t\t\t\t\t<\/div>\n<\/div><\/div><\/div><div id=\"panel-gb16-6a966d95c677f-0-0-10\" class=\"so-panel widget widget_sow-editor panel-last-child\" data-index=\"10\" ><div class=\"panel-widget-style panel-widget-style-for-gb16-6a966d95c677f-0-0-10\" ><div\n\t\t\t\n\t\t\tclass=\"so-widget-sow-editor so-widget-sow-editor-base\"\n\t\t\t\n\t\t><h3 class=\"widget-title\">Atelier \/ Accompagnement<\/h3>\n<div class=\"siteorigin-widget-tinymce textwidget\">\n\t<h1 style=\"text-align: center;\">Pr\u00e9paration consciente \u00e0 la grossesse<\/h1>\n<p>&nbsp;<\/p>\n<h4 style=\"text-align: center;\">en s\u00e9ance individuelle par visio et soin \u00e0 distance<\/h4>\n<h4 style=\"text-align: center;\">ou en atelier de 2 jours<\/h4>\n<p style=\"text-align: center;\">pour aligner corps, \u00e2me et esprit \u00e0 l&rsquo;aventure de devenir m\u00e8re<\/p>\n<h4 style=\"text-align: center;\"><\/h4>\n<\/div>\n<\/div><\/div><\/div><\/div><\/div><div id=\"pg-gb16-6a966d95c677f-1\"  class=\"panel-grid panel-no-style\" ><div id=\"pgc-gb16-6a966d95c677f-1-0\"  class=\"panel-grid-cell\" ><div id=\"panel-gb16-6a966d95c677f-1-0-0\" class=\"so-panel widget widget_text panel-first-child\" data-index=\"11\" ><div class=\"panel-widget-style panel-widget-style-for-gb16-6a966d95c677f-1-0-0\" >\t\t\t<div class=\"textwidget\"><h4><strong>Au programme :\u00a0<\/strong><\/h4>\n<p>&nbsp;<\/p>\n<ul>\n<li><strong>Reconnecter \u00e0 son corps de femme<\/strong> : Prendre soin de ses parties f\u00e9minines. Se mettre \u00e0 l&rsquo;\u00e9coute de son ut\u00e9rus et ses organes reproducteurs. <strong>Lib\u00e9rer <\/strong>les<strong> des anciennes blessures<\/strong> et m\u00e9moires. <strong>Equilibrer son syst\u00e8me hormonal<\/strong> et soutenir son corps pour qu&rsquo;il soit pr\u00eat \u00e0 concevoir tout en douceur.<\/li>\n<\/ul>\n<ul>\n<li><strong>Clarifier son r\u00f4le de femme dans le couple<\/strong>\u00a0: Quels sont les d\u00e9fis de notre couple ? \u00a0Qu&rsquo;est-ce qui se joue entre nous deux au niveau \u00e9nerg\u00e9tique ? Lib\u00e9rer les freins actuels et les r\u00e9sidus limitants des anciens rapports ainsi que des sch\u00e9mas relationnels de ses parents.<\/li>\n<\/ul>\n<ul>\n<li><strong>S&rsquo;all\u00e9ger des v\u00e9cus du pass\u00e9 <\/strong>: Transformer et gu\u00e9rir les m\u00e9moires douloureux des possibles grossesses et des naissances pr\u00e9c\u00e9dentes. Se r\u00e9concilier avec des exp\u00e9riences d&rsquo;interruption de grossesse et fausse couche afin de laisser aller l&rsquo;\u00e2me de ce b\u00e9b\u00e9 librement poursuivre son propre chemin.<\/li>\n<\/ul>\n<ul>\n<li><strong>Devenir une maman libre et authentique<\/strong> : Se mettre \u00e0 l&rsquo;\u00e9coute de son enfant int\u00e9rieure et sa fa\u00e7on d&rsquo;avoir vue sa m\u00e8re. Se d\u00e9tacher du mod\u00e8le de m\u00e8re, ayant v\u00e9cu personnellement.<\/li>\n<\/ul>\n<ul>\n<li><strong>Na\u00eetre en amour et en respect<\/strong> : Comment est-ce que j&rsquo;ai vu le jour ? Quelle exp\u00e9rience de naissance est impr\u00e9gn\u00e9e dans mes cellules ? Embrasser son b\u00e9b\u00e9-int\u00e9rieur et l&rsquo;accueillir d&rsquo;une nouvelle facon.<\/li>\n<\/ul>\n<ul>\n<li><strong>Recevoir le soutien des\u00a0<\/strong><b>anc\u00eatres<\/b>\u00a0: R\u00e9v\u00e9ler ce que ses a\u00efeules ont transmis en tant que croyances, \u00e9motions et autres programmes inconscientes en lien avec la f\u00e9minit\u00e9 et plus sp\u00e9cifiquement la maternit\u00e9. Au lieu de se couper de la s\u00e8ve nourrici\u00e8re de sa lign\u00e9e matrilin\u00e9aire d\u00fb aux mauvaises exp\u00e9riences et aux souffrances, accepter son origine et embrasser la sagesse de ses anc\u00eatres f\u00e9minines.<\/li>\n<\/ul>\n<ul>\n<li><strong>Entrer en contact avec le monde des \u00e2mes-\u00e0-venir : <\/strong>Elargir son horizon et ouvrir un espace int\u00e9rieure pour communiquer avec le monde des \u00e2mes-\u00e0-venir. Inclure leurs messages dans la pr\u00e9paration \u00e0 la grossesse, afin que la future \u00e2me du b\u00e9b\u00e9-\u00e0-venir puisse se sentir respect\u00e9 d\u00e8s le d\u00e9but.<\/li>\n<\/ul>\n<ul>\n<li class=\"\"><strong class=\"\">Transmission de savoir :\u00a0<\/strong>Tout au longue du weekend, les informations de ce qu\u2019une naissance spirituelle respectueuse (d\u2019avant la conception jusqu\u2019apr\u00e8s l\u2019accouchement) et qu&rsquo;une incarnation consciente signifient sont transmise.<\/li>\n<\/ul>\n<p>Cette liste dresse un aper\u00e7u des possibles th\u00e8mes. La situation personnelle de chaque participante est \u00e9labor\u00e9e avant l&rsquo;atelier. Le programme d\u00e9fini s&rsquo;accorde aux participantes et ce qui \u00e9merge dans l&rsquo;instant.<\/p>\n<\/div>\n\t\t<\/div><\/div><div id=\"panel-gb16-6a966d95c677f-1-0-1\" class=\"so-panel widget widget_text panel-last-child\" data-index=\"12\" >\t\t\t<div class=\"textwidget\"><\/div>\n\t\t<\/div><\/div><div id=\"pgc-gb16-6a966d95c677f-1-1\"  class=\"panel-grid-cell\" ><div id=\"panel-gb16-6a966d95c677f-1-1-0\" class=\"so-panel widget widget_media_image panel-first-child\" data-index=\"13\" ><img decoding=\"async\" width=\"300\" height=\"300\" src=\"https:\/\/incarnationconsciente.ch\/wp-content\/uploads\/2019\/05\/https-www.missplunkett.tv-wp-content-uploads-2017-01-Emma-Plunkett-art_uterus15-web-300x300.jpg\" class=\"image wp-image-4393  attachment-medium size-medium\" alt=\"\" style=\"max-width: 100%; height: auto;\" srcset=\"https:\/\/incarnationconsciente.ch\/wp-content\/uploads\/2019\/05\/https-www.missplunkett.tv-wp-content-uploads-2017-01-Emma-Plunkett-art_uterus15-web-300x300.jpg 300w, https:\/\/incarnationconsciente.ch\/wp-content\/uploads\/2019\/05\/https-www.missplunkett.tv-wp-content-uploads-2017-01-Emma-Plunkett-art_uterus15-web-150x150.jpg 150w, https:\/\/incarnationconsciente.ch\/wp-content\/uploads\/2019\/05\/https-www.missplunkett.tv-wp-content-uploads-2017-01-Emma-Plunkett-art_uterus15-web-100x100.jpg 100w, https:\/\/incarnationconsciente.ch\/wp-content\/uploads\/2019\/05\/https-www.missplunkett.tv-wp-content-uploads-2017-01-Emma-Plunkett-art_uterus15-web.jpg 390w\" sizes=\"(max-width: 300px) 100vw, 300px\" \/><\/div><div id=\"panel-gb16-6a966d95c677f-1-1-1\" class=\"so-panel widget widget_text\" data-index=\"14\" >\t\t\t<div class=\"textwidget\"><h5>En individuel :<\/h5>\n<h6>O\u00f9<\/h6>\n<p>S\u00e9ance par visio \/ \u00e0 distance<br \/>\nou au cabinet \u00e0 Pringy,\u00a0CH<\/p>\n<h6>Dur\u00e9e<\/h6>\n<p>id\u00e9alement s\u00e9rie de 3 s\u00e9ances<\/p>\n<h6>Combien<\/h6>\n<p>Premi\u00e8re s\u00e9ance 130, &#8211; SFr\/\u20ac<\/p>\n<p>Les suivantes selon la dur\u00e9e du soin 120, &#8211; SFr\/\u20ac par 60 min<\/p>\n<p>Forfait <strong>\u00ab Conception en \u00e9veil \u00bb <\/strong>: 3 s\u00e9ances \/ demi-journ\u00e9e \u00e0 340, &#8211; SFr\/\u20ac<\/p>\n<p>Forfait <strong>\u00ab Grossesse en \u00e9veil \u00bb<\/strong> : \u00a05h \u00e0 540, &#8211; SFr\/\u20ac<\/p>\n<\/div>\n\t\t<\/div><div id=\"panel-gb16-6a966d95c677f-1-1-2\" class=\"so-panel widget widget_text panel-last-child\" data-index=\"15\" >\t\t\t<div class=\"textwidget\"><p>&nbsp;<\/p>\n<h5>Atelier \/ stage :<\/h5>\n<h6>O\u00f9<\/h6>\n<p>Pringy, CH<\/p>\n<h6>Combien<\/h6>\n<p>3 \u00e0 6 participantes<\/p>\n<h6>Horaire<\/h6>\n<p>samedi 10h \u00e0 17h \/\u00a0dimanche 9h30 \u00e0 16h<\/p>\n<h6>Tarif<\/h6>\n<p>420,- \u00e0 380, &#8211; SFr\/\u20ac<\/p>\n<\/div>\n\t\t<\/div><\/div><\/div><div id=\"pg-gb16-6a966d95c677f-2\"  class=\"panel-grid panel-no-style\" ><div id=\"pgc-gb16-6a966d95c677f-2-0\"  class=\"panel-grid-cell\" ><div id=\"panel-gb16-6a966d95c677f-2-0-0\" class=\"so-panel widget widget_sow-editor panel-first-child\" data-index=\"16\" ><div class=\"panel-widget-style panel-widget-style-for-gb16-6a966d95c677f-2-0-0\" ><div\n\t\t\t\n\t\t\tclass=\"so-widget-sow-editor so-widget-sow-editor-base\"\n\t\t\t\n\t\t><h3 class=\"widget-title\">Prochaines dates<\/h3>\n<div class=\"siteorigin-widget-tinymce textwidget\">\n\t<p style=\"text-align: center;\">sur demande<\/p>\n<\/div>\n<\/div><\/div><\/div><div id=\"panel-gb16-6a966d95c677f-2-0-1\" class=\"so-panel widget widget_moesia_testimonials moesia_testimonials_widget\" data-index=\"17\" >\t\t<section id=\"testimonials\" class=\"testimonials-area\">\n\t\t\t<div class=\"container\">\n\t\t\t\t<h3 class=\"widget-title\"><span class=\"wow bounce\">Ce que les participantes disent<\/span><\/h3>\t\t\t\t\t\t\t\t\t\t\t\t\t\t\t\t\t\t\t<div class=\"testimonial col-md-6 col-sm-6 fadeInUp\">\n\t\t\t\t\t\t<div class=\"testimonial-body\"><p>Je suis tr\u00e8s reconnaissante et \u00e9mue de l&rsquo;avoir v\u00e9cu ce weekend de pr\u00e9paration \u00e0 la grossesse. Je me sens plus forte et plus confiante pour suivre ce qui me semble juste, nourrie de tes partages et de ceux v\u00e9cus en groupe. J&rsquo;ai v\u00e9cu beaucoup d&rsquo;authenticit\u00e9, de profondeur et aussi de l\u00e9g\u00e8ret\u00e9. Je me suis sentie guid\u00e9e et c&rsquo;\u00e9tait d\u00e9licieux de se laisser porter.<br \/>\nQue nous puissions \u00eatre de plus en plus nombreux \u00e0 prendre soin de pr\u00e9parer l&rsquo;accueil des enfants avec conscience et d\u00e9licatesse, de nous offrir cet espace d&rsquo;amour et de soutien !<\/p>\n<\/div>\n\n\t\t\t\t\t\t\n\t\t\t\t\t\t<h4 class=\"client-name col-md-8\">Laurence<\/h4>\n\t\t\t\t\t\t\t\t\t\t\t\t\t<span class=\"client-function col-md-8\">en d\u00e9sir d&#039;un premier enfant<\/span>\n\t\t\t\t\t\t\t\t\t\t\t\t\n\t\t\t\t\t<\/div>\n\t\t\t\t\t\t\t\t\t\t\t\t\t\t\t\t\t\t\t<div class=\"testimonial col-md-6 col-sm-6 fadeInUp\">\n\t\t\t\t\t\t<div class=\"testimonial-body\"><p>Je tiens \u00e0 t&rsquo;exprimer ma profonde gratitude pour cet atelier magique.\u00a0Il a \u00e9t\u00e9 tr\u00e8s b\u00e9n\u00e9fique pour moi mais aussi notre couple.\u00a0Lundi soir mon compagnon et moi-m\u00eame avons discut\u00e9 plus de 4h30 sur ce sujet. <span class=\"text_exposed_show\">Je lui ai expliqu\u00e9 mon week-end en d\u00e9tail et nous avons pu \u00e9changer sur des th\u00e8mes qui n&rsquo;avaient pas encore \u00e9t\u00e9 abord\u00e9s.<\/span><\/p>\n<div class=\"_3x-2\" data-ft=\"{&quot;tn&quot;:&quot;H&quot;}\">\n<div data-ft=\"{&quot;tn&quot;:&quot;H&quot;}\">\n<div class=\"mtm\">\n<div>\n<div class=\"_5cq3 _1ktf\" data-ft=\"{&quot;tn&quot;:&quot;E&quot;}\"><\/div>\n<\/div>\n<\/div>\n<\/div>\n<\/div>\n<\/div>\n\n\t\t\t\t\t\t\t\t\t\t\t\t\t<div class=\"client-photo col-md-4\"><img loading=\"lazy\" decoding=\"async\" width=\"100\" height=\"100\" src=\"https:\/\/incarnationconsciente.ch\/wp-content\/uploads\/2019\/05\/Temoign-Jessica-100x100.jpg\" class=\"attachment-moesia-testimonials-thumb size-moesia-testimonials-thumb wp-post-image\" alt=\"T\u00e9moignage Jessica\" srcset=\"https:\/\/incarnationconsciente.ch\/wp-content\/uploads\/2019\/05\/Temoign-Jessica-100x100.jpg 100w, https:\/\/incarnationconsciente.ch\/wp-content\/uploads\/2019\/05\/Temoign-Jessica-150x150.jpg 150w, https:\/\/incarnationconsciente.ch\/wp-content\/uploads\/2019\/05\/Temoign-Jessica-300x300.jpg 300w, https:\/\/incarnationconsciente.ch\/wp-content\/uploads\/2019\/05\/Temoign-Jessica.jpg 320w\" sizes=\"(max-width: 100px) 100vw, 100px\" \/><\/div>\n\t\t\t\t\t\t\n\t\t\t\t\t\t<h4 class=\"client-name col-md-8\">Jessica<\/h4>\n\t\t\t\t\t\t\t\t\t\t\t\t\t<span class=\"client-function col-md-8\">m\u00e8re en d\u00e9sir d&#039;un 2\u00e8me enfant, th\u00e9rapeute holistique<\/span>\n\t\t\t\t\t\t\t\t\t\t\t\t\n\t\t\t\t\t<\/div>\n\t\t\t\t\t\t\t<\/div>\n\t\t\t\t\t\n\t\t\t\t\t\t\n\t\t<\/section>\t\t\n\t<\/div><div id=\"panel-gb16-6a966d95c677f-2-0-2\" class=\"so-panel widget widget_sow-contact-form panel-last-child\" data-index=\"18\" ><div class=\"panel-widget-style panel-widget-style-for-gb16-6a966d95c677f-2-0-2\" ><div\n\t\t\t\n\t\t\tclass=\"so-widget-sow-contact-form so-widget-sow-contact-form-default-060166d02a8a-4340\"\n\t\t\t\n\t\t><h3 class=\"widget-title\">Pour prendre contact<\/h3>\t<form\n\t\taction=\"\/index.php\/wp-json\/wp\/v2\/pages\/16\"\n\t\tmethod=\"POST\"\n\t\tclass=\"sow-contact-form\"\n\t\tid=\"contact-form-81b1\"\n\t>\n\n\t\t\n\t\t\t\t\t<div class=\"sow-form-field sow-form-field-name\">\n\t\t\t\t<label class=\"sow-form-field-label-above\" for=\"sow-contact-form-field-nom-1\">\n\t\t\t\t<strong>\n\t\t\t\t\tNom\t\t\t\t\t\t\t\t\t<\/strong>\n\t\t\t<\/label>\n\t\t\t\t\t\t\t<div class=\"sow-field-container\">\n\t\t\t\t\t\t\t<input\n\t\t\ttype=\"text\"\n\t\t\tname=\"nom-1\"\n\t\t\tid=\"sow-contact-form-field-nom-1\"\n\t\t\tvalue=\"\"\n\t\t\tclass=\"sow-text-field\"\n\t\t\t\t\t\t\t\t\/>\n\t\t\t\t\t\t<\/div>\n\t\t\t\t\t\t\t<\/div>\n\t\t\t\t\t\t<div class=\"sow-form-field sow-form-field-email\">\n\t\t\t\t<label class=\"sow-form-field-label-above\" for=\"sow-contact-form-field-email-1\">\n\t\t\t\t<strong>\n\t\t\t\t\tEmail\t\t\t\t\t\t\t\t\t<\/strong>\n\t\t\t<\/label>\n\t\t\t\t\t\t\t<div class=\"sow-field-container\">\n\t\t\t\t\t\t\t<input\n\t\t\ttype=\"email\"\n\t\t\tname=\"email-1\"\n\t\t\tid=\"sow-contact-form-field-email-1\"\n\t\t\tvalue=\"\"\n\t\t\tclass=\"sow-text-field\"\t\t\t\t\t\t\t\t\/>\n\t\t\t\t\t\t<\/div>\n\t\t\t\t\t\t\t<\/div>\n\t\t\t\t\t\t<div class=\"sow-form-field sow-form-field-textarea\">\n\t\t\t\t<label class=\"sow-form-field-label-above\" for=\"sow-contact-form-field-message-1\">\n\t\t\t\t<strong>\n\t\t\t\t\tMessage\t\t\t\t\t\t\t\t\t<\/strong>\n\t\t\t<\/label>\n\t\t\t\t\t\t\t<div class=\"sow-field-container\">\n\t\t\t\t\t\t\t<textarea\n\t\t\tname=\"message-1\"\n\t\t\tid=\"sow-contact-form-field-message-1\"\n\t\t\trows=\"10\"\n\t\t\t\t\t\t\t\t><\/textarea>\n\t\t\t\t\t\t<\/div>\n\t\t\t\t\t\t\t<\/div>\n\t\t\t\n\t\t\t\t\t<div class=\"sow-recaptcha\"\n\t\t\t\t\t\t\t\t\tdata-config=\"{&quot;sitekey&quot;:&quot;6LdgCaUUAAAAAF0oq6arfWiSoe6GVeoDJB0GXPBk&quot;,&quot;theme&quot;:&quot;light&quot;,&quot;type&quot;:&quot;image&quot;,&quot;size&quot;:&quot;normal&quot;}\"\n\t\t\t\t\t\t\t><\/div>\n\t\t\t\n\t\t<div class=\"sow-submit-wrapper sow-submit-styled\">\n\n\t\t\t<button\n\t\t\t\ttype=\"submit\"\n\t\t\t\tclass=\"sow-submit\"\n\t\t\t\t\t\t\t>\n\t\t\t\tEnvoyer\t\t\t<\/button>\n\t\t<\/div>\n\t\t\t\t<input\n\t\t\ttype=\"hidden\"\n\t\t\tname=\"instance_hash-1\"\n\t\t\tvalue=\"81b1ac8f\"\n\t\t\/>\n\n\t\t<input type=\"hidden\" id=\"_wpnonce\" name=\"_wpnonce\" value=\"fde0a03899\" \/><input type=\"hidden\" name=\"_wp_http_referer\" value=\"\/index.php\/wp-json\/wp\/v2\/pages\/16\" \/>\t<\/form>\n\t<\/div><\/div><\/div><\/div><\/div><\/div>","protected":false},"excerpt":{"rendered":"","protected":false},"author":1,"featured_media":0,"parent":0,"menu_order":0,"comment_status":"closed","ping_status":"closed","template":"elementor_header_footer","meta":{"footnotes":""},"class_list":["post-16","page","type-page","status-publish","hentry"],"yoast_head":"<!-- This site is optimized with the Yoast SEO plugin v24.9 - https:\/\/yoast.com\/wordpress\/plugins\/seo\/ -->\n<title>Conception consciente - Incarnation consciente<\/title>\n<meta name=\"description\" content=\"Conception consciente. Ce qui est important \u00e0 savoir avant devenir enceinte et comment se pr\u00e9parer consciemment \u00e0 la grossesse. Atelier.\" \/>\n<meta name=\"robots\" content=\"index, follow, max-snippet:-1, max-image-preview:large, max-video-preview:-1\" \/>\n<link rel=\"canonical\" href=\"https:\/\/incarnationconsciente.ch\/index.php\/conception-consciente\/\" \/>\n<meta property=\"og:locale\" content=\"fr_FR\" \/>\n<meta property=\"og:type\" content=\"article\" \/>\n<meta property=\"og:title\" content=\"Conception consciente - Incarnation consciente\" \/>\n<meta property=\"og:description\" content=\"Conception consciente. Ce qui est important \u00e0 savoir avant devenir enceinte et comment se pr\u00e9parer consciemment \u00e0 la grossesse. Atelier.\" \/>\n<meta property=\"og:url\" content=\"https:\/\/incarnationconsciente.ch\/index.php\/conception-consciente\/\" \/>\n<meta property=\"og:site_name\" content=\"Incarnation consciente\" \/>\n<meta property=\"article:modified_time\" content=\"2024-02-08T15:56:02+00:00\" \/>\n<meta property=\"og:image\" content=\"https:\/\/incarnationconsciente.ch\/wp-content\/uploads\/2022\/11\/IC_conception-consciente.jpg\" \/>\n<meta name=\"twitter:card\" content=\"summary_large_image\" \/>\n<meta name=\"twitter:label1\" content=\"Dur\u00e9e de lecture estim\u00e9e\" \/>\n\t<meta name=\"twitter:data1\" content=\"9 minutes\" \/>\n<script type=\"application\/ld+json\" class=\"yoast-schema-graph\">{\"@context\":\"https:\/\/schema.org\",\"@graph\":[{\"@type\":\"WebPage\",\"@id\":\"https:\/\/incarnationconsciente.ch\/index.php\/conception-consciente\/\",\"url\":\"https:\/\/incarnationconsciente.ch\/index.php\/conception-consciente\/\",\"name\":\"Conception consciente - Incarnation consciente\",\"isPartOf\":{\"@id\":\"https:\/\/incarnationconsciente.ch\/#website\"},\"primaryImageOfPage\":{\"@id\":\"https:\/\/incarnationconsciente.ch\/index.php\/conception-consciente\/#primaryimage\"},\"image\":{\"@id\":\"https:\/\/incarnationconsciente.ch\/index.php\/conception-consciente\/#primaryimage\"},\"thumbnailUrl\":\"https:\/\/incarnationconsciente.ch\/wp-content\/uploads\/2022\/11\/IC_conception-consciente.jpg\",\"datePublished\":\"2019-03-08T09:53:19+00:00\",\"dateModified\":\"2024-02-08T15:56:02+00:00\",\"description\":\"Conception consciente. Ce qui est important \u00e0 savoir avant devenir enceinte et comment se pr\u00e9parer consciemment \u00e0 la grossesse. Atelier.\",\"breadcrumb\":{\"@id\":\"https:\/\/incarnationconsciente.ch\/index.php\/conception-consciente\/#breadcrumb\"},\"inLanguage\":\"fr-FR\",\"potentialAction\":[{\"@type\":\"ReadAction\",\"target\":[\"https:\/\/incarnationconsciente.ch\/index.php\/conception-consciente\/\"]}]},{\"@type\":\"ImageObject\",\"inLanguage\":\"fr-FR\",\"@id\":\"https:\/\/incarnationconsciente.ch\/index.php\/conception-consciente\/#primaryimage\",\"url\":\"https:\/\/incarnationconsciente.ch\/wp-content\/uploads\/2022\/11\/IC_conception-consciente.jpg\",\"contentUrl\":\"https:\/\/incarnationconsciente.ch\/wp-content\/uploads\/2022\/11\/IC_conception-consciente.jpg\",\"width\":1688,\"height\":1125,\"caption\":\"conception consciente pr\u00e9paration \u00e0 la grossesse\"},{\"@type\":\"BreadcrumbList\",\"@id\":\"https:\/\/incarnationconsciente.ch\/index.php\/conception-consciente\/#breadcrumb\",\"itemListElement\":[{\"@type\":\"ListItem\",\"position\":1,\"name\":\"Home\",\"item\":\"https:\/\/incarnationconsciente.ch\/\"},{\"@type\":\"ListItem\",\"position\":2,\"name\":\"Conception\"}]},{\"@type\":\"WebSite\",\"@id\":\"https:\/\/incarnationconsciente.ch\/#website\",\"url\":\"https:\/\/incarnationconsciente.ch\/\",\"name\":\"Incarnation consciente\",\"description\":\"pour un accueil \u00e9veill\u00e9 &amp; une naissance spirituelle respectueuse\",\"potentialAction\":[{\"@type\":\"SearchAction\",\"target\":{\"@type\":\"EntryPoint\",\"urlTemplate\":\"https:\/\/incarnationconsciente.ch\/?s={search_term_string}\"},\"query-input\":{\"@type\":\"PropertyValueSpecification\",\"valueRequired\":true,\"valueName\":\"search_term_string\"}}],\"inLanguage\":\"fr-FR\"}]}<\/script>\n<!-- \/ Yoast SEO plugin. -->","yoast_head_json":{"title":"Conception consciente - Incarnation consciente","description":"Conception consciente. Ce qui est important \u00e0 savoir avant devenir enceinte et comment se pr\u00e9parer consciemment \u00e0 la grossesse. Atelier.","robots":{"index":"index","follow":"follow","max-snippet":"max-snippet:-1","max-image-preview":"max-image-preview:large","max-video-preview":"max-video-preview:-1"},"canonical":"https:\/\/incarnationconsciente.ch\/index.php\/conception-consciente\/","og_locale":"fr_FR","og_type":"article","og_title":"Conception consciente - Incarnation consciente","og_description":"Conception consciente. Ce qui est important \u00e0 savoir avant devenir enceinte et comment se pr\u00e9parer consciemment \u00e0 la grossesse. Atelier.","og_url":"https:\/\/incarnationconsciente.ch\/index.php\/conception-consciente\/","og_site_name":"Incarnation consciente","article_modified_time":"2024-02-08T15:56:02+00:00","og_image":[{"url":"https:\/\/incarnationconsciente.ch\/wp-content\/uploads\/2022\/11\/IC_conception-consciente.jpg","type":"","width":"","height":""}],"twitter_card":"summary_large_image","twitter_misc":{"Dur\u00e9e de lecture estim\u00e9e":"9 minutes"},"schema":{"@context":"https:\/\/schema.org","@graph":[{"@type":"WebPage","@id":"https:\/\/incarnationconsciente.ch\/index.php\/conception-consciente\/","url":"https:\/\/incarnationconsciente.ch\/index.php\/conception-consciente\/","name":"Conception consciente - Incarnation consciente","isPartOf":{"@id":"https:\/\/incarnationconsciente.ch\/#website"},"primaryImageOfPage":{"@id":"https:\/\/incarnationconsciente.ch\/index.php\/conception-consciente\/#primaryimage"},"image":{"@id":"https:\/\/incarnationconsciente.ch\/index.php\/conception-consciente\/#primaryimage"},"thumbnailUrl":"https:\/\/incarnationconsciente.ch\/wp-content\/uploads\/2022\/11\/IC_conception-consciente.jpg","datePublished":"2019-03-08T09:53:19+00:00","dateModified":"2024-02-08T15:56:02+00:00","description":"Conception consciente. Ce qui est important \u00e0 savoir avant devenir enceinte et comment se pr\u00e9parer consciemment \u00e0 la grossesse. Atelier.","breadcrumb":{"@id":"https:\/\/incarnationconsciente.ch\/index.php\/conception-consciente\/#breadcrumb"},"inLanguage":"fr-FR","potentialAction":[{"@type":"ReadAction","target":["https:\/\/incarnationconsciente.ch\/index.php\/conception-consciente\/"]}]},{"@type":"ImageObject","inLanguage":"fr-FR","@id":"https:\/\/incarnationconsciente.ch\/index.php\/conception-consciente\/#primaryimage","url":"https:\/\/incarnationconsciente.ch\/wp-content\/uploads\/2022\/11\/IC_conception-consciente.jpg","contentUrl":"https:\/\/incarnationconsciente.ch\/wp-content\/uploads\/2022\/11\/IC_conception-consciente.jpg","width":1688,"height":1125,"caption":"conception consciente pr\u00e9paration \u00e0 la grossesse"},{"@type":"BreadcrumbList","@id":"https:\/\/incarnationconsciente.ch\/index.php\/conception-consciente\/#breadcrumb","itemListElement":[{"@type":"ListItem","position":1,"name":"Home","item":"https:\/\/incarnationconsciente.ch\/"},{"@type":"ListItem","position":2,"name":"Conception"}]},{"@type":"WebSite","@id":"https:\/\/incarnationconsciente.ch\/#website","url":"https:\/\/incarnationconsciente.ch\/","name":"Incarnation consciente","description":"pour un accueil \u00e9veill\u00e9 &amp; une naissance spirituelle respectueuse","potentialAction":[{"@type":"SearchAction","target":{"@type":"EntryPoint","urlTemplate":"https:\/\/incarnationconsciente.ch\/?s={search_term_string}"},"query-input":{"@type":"PropertyValueSpecification","valueRequired":true,"valueName":"search_term_string"}}],"inLanguage":"fr-FR"}]}},"_links":{"self":[{"href":"https:\/\/incarnationconsciente.ch\/index.php\/wp-json\/wp\/v2\/pages\/16","targetHints":{"allow":["GET"]}}],"collection":[{"href":"https:\/\/incarnationconsciente.ch\/index.php\/wp-json\/wp\/v2\/pages"}],"about":[{"href":"https:\/\/incarnationconsciente.ch\/index.php\/wp-json\/wp\/v2\/types\/page"}],"author":[{"embeddable":true,"href":"https:\/\/incarnationconsciente.ch\/index.php\/wp-json\/wp\/v2\/users\/1"}],"replies":[{"embeddable":true,"href":"https:\/\/incarnationconsciente.ch\/index.php\/wp-json\/wp\/v2\/comments?post=16"}],"version-history":[{"count":458,"href":"https:\/\/incarnationconsciente.ch\/index.php\/wp-json\/wp\/v2\/pages\/16\/revisions"}],"predecessor-version":[{"id":7335,"href":"https:\/\/incarnationconsciente.ch\/index.php\/wp-json\/wp\/v2\/pages\/16\/revisions\/7335"}],"wp:attachment":[{"href":"https:\/\/incarnationconsciente.ch\/index.php\/wp-json\/wp\/v2\/media?parent=16"}],"curies":[{"name":"wp","href":"https:\/\/api.w.org\/{rel}","templated":true}]}}